{"id":8437,"date":"2024-07-15T11:10:50","date_gmt":"2024-07-15T14:10:50","guid":{"rendered":"https:\/\/systemica.digital\/?page_id=8437"},"modified":"2024-07-26T12:57:48","modified_gmt":"2024-07-26T15:57:48","slug":"aereo-projeto-e-vizinhanca","status":"publish","type":"page","link":"https:\/\/systemica.digital\/en\/projetos\/florestal-santa-maria\/galeria-fsm\/aereo-projeto-e-vizinhanca\/","title":{"rendered":"Aerial project and neighborhood"},"content":{"rendered":"<div data-elementor-type=\"wp-page\" data-elementor-id=\"8437\" class=\"elementor elementor-8437\" data-elementor-post-type=\"page\">\n\t\t\t\t<section class=\"elementor-element elementor-element-2d5ab3f e-con-full e-flex e-con e-parent\" data-id=\"2d5ab3f\" data-element_type=\"container\" data-e-type=\"container\" data-settings=\"{&quot;background_background&quot;:&quot;classic&quot;}\">\n\t\t<div class=\"elementor-element elementor-element-69b4b93 e-con-full clipped-element-banner e-flex e-con e-child\" data-id=\"69b4b93\" data-element_type=\"container\" data-e-type=\"container\" data-settings=\"{&quot;background_background&quot;:&quot;classic&quot;}\">\n\t\t<div class=\"elementor-element elementor-element-96b485a e-flex e-con-boxed e-con e-child\" data-id=\"96b485a\" data-element_type=\"container\" data-e-type=\"container\">\n\t\t\t\t\t<div class=\"e-con-inner\">\n\t\t<div class=\"elementor-element elementor-element-98b204c e-con-full e-flex e-con e-child\" data-id=\"98b204c\" data-element_type=\"container\" data-e-type=\"container\">\n\t\t\t\t<div class=\"elementor-element elementor-element-c8237f8 elementor-invisible elementor-widget elementor-widget-heading\" data-id=\"c8237f8\" data-element_type=\"widget\" data-e-type=\"widget\" data-settings=\"{&quot;_animation&quot;:&quot;fadeInUp&quot;,&quot;_animation_mobile&quot;:&quot;fadeInUp&quot;}\" data-widget_type=\"heading.default\">\n\t\t\t\t<div class=\"elementor-widget-container\">\n\t\t\t\t\t<h3 class=\"elementor-heading-title elementor-size-default\">Project<\/h3>\t\t\t\t<\/div>\n\t\t\t\t<\/div>\n\t\t\t\t<div class=\"elementor-element elementor-element-1c1d8c9 elementor-widget__width-initial elementor-invisible elementor-widget elementor-widget-heading\" data-id=\"1c1d8c9\" data-element_type=\"widget\" data-e-type=\"widget\" data-settings=\"{&quot;_animation&quot;:&quot;fadeInUp&quot;}\" data-widget_type=\"heading.default\">\n\t\t\t\t<div class=\"elementor-widget-container\">\n\t\t\t\t\t<h1 class=\"elementor-heading-title elementor-size-default\">Forestry <br> Santa Maria<\/h1>\t\t\t\t<\/div>\n\t\t\t\t<\/div>\n\t\t\t\t<\/div>\n\t\t<div class=\"elementor-element elementor-element-0927cdb e-con-full e-flex e-con e-child\" data-id=\"0927cdb\" data-element_type=\"container\" data-e-type=\"container\">\n\t\t\t\t<div class=\"elementor-element elementor-element-1383d60 elementor-invisible elementor-widget elementor-widget-heading\" data-id=\"1383d60\" data-element_type=\"widget\" data-e-type=\"widget\" data-settings=\"{&quot;_animation&quot;:&quot;fadeInUp&quot;}\" data-widget_type=\"heading.default\">\n\t\t\t\t<div class=\"elementor-widget-container\">\n\t\t\t\t\t<p class=\"elementor-heading-title elementor-size-default\">Conserving more than 70 thousand hectares in the Arc of Deforestation since 2009, protecting the Amazon and promoting sustainability.<\/p>\t\t\t\t<\/div>\n\t\t\t\t<\/div>\n\t\t\t\t<\/div>\n\t\t\t\t\t<\/div>\n\t\t\t\t<\/div>\n\t\t\t\t<\/div>\n\t\t<div class=\"elementor-element elementor-element-bceb5d4 e-con-full e-flex e-con e-child\" data-id=\"bceb5d4\" data-element_type=\"container\" data-e-type=\"container\">\n\t\t\t\t<\/div>\n\t\t\t\t<\/section>\n\t\t<section class=\"elementor-element elementor-element-1779e6d1 e-con-full e-flex e-con e-parent\" data-id=\"1779e6d1\" data-element_type=\"container\" data-e-type=\"container\">\n\t\t<div class=\"elementor-element elementor-element-4c62aa87 e-flex e-con-boxed e-con e-child\" data-id=\"4c62aa87\" data-element_type=\"container\" data-e-type=\"container\">\n\t\t\t\t\t<div class=\"e-con-inner\">\n\t\t\t\t<div class=\"elementor-element elementor-element-46df541 elementor-widget elementor-widget-heading\" data-id=\"46df541\" data-element_type=\"widget\" data-e-type=\"widget\" data-widget_type=\"heading.default\">\n\t\t\t\t<div class=\"elementor-widget-container\">\n\t\t\t\t\t<h3 class=\"elementor-heading-title elementor-size-default\">Project<\/h3>\t\t\t\t<\/div>\n\t\t\t\t<\/div>\n\t\t\t\t<div class=\"elementor-element elementor-element-7b9b0e7b elementor-widget elementor-widget-heading\" data-id=\"7b9b0e7b\" data-element_type=\"widget\" data-e-type=\"widget\" data-widget_type=\"heading.default\">\n\t\t\t\t<div class=\"elementor-widget-container\">\n\t\t\t\t\t<h2 class=\"elementor-heading-title elementor-size-default\">Aerial project and neighborhood<\/h2>\t\t\t\t<\/div>\n\t\t\t\t<\/div>\n\t\t\t\t\t<\/div>\n\t\t\t\t<\/div>\n\t\t<div class=\"elementor-element elementor-element-5699bb9b e-con-full e-flex e-con e-child\" data-id=\"5699bb9b\" data-element_type=\"container\" data-e-type=\"container\">\n\t\t\t\t<div class=\"elementor-element elementor-element-5ff91525 elementor-widget elementor-widget-miga_slide_everything_title\" data-id=\"5ff91525\" data-element_type=\"widget\" data-e-type=\"widget\" data-widget_type=\"miga_slide_everything_title.default\">\n\t\t\t\t\t<div class=\"miga_slide_everything\" data-mousewheel=\"0\" data-sliderid=\"galeria-fotos\" data-spv=\"4\" data-spvt=\"2\" data-spvp=\"1\" data-spacebetween=\"30\" data-loop=\"1\" data-centerslides=\"1\" data-autoplay=\"0\" data-autoplay-reverse=\"0\" data-newmethod=\"1\" data-pagination=\"0\" data-arrows=\"1\" data-latestswiper=\"\" data-dot-padding=\"10\" data-touchmove=\"0\" data-freemode=\"0\" data-autoplay-delay=\"\"><\/div><style type=\"text\/css\">#galeria-fotos .swiper-button-prev::after {content: none}#galeria-fotos .swiper-button-next::after {content: none}#galeria-fotos .swiper-button-prev {background-image: none } #galeria-fotos .swiper-button-next {background-image: none } #galeria-fotos .swiper-button-prev svg path {fill:} #galeria-fotos .swiper-button-next svg path {fill:} #galeria-fotos .swiper-button-prev:after {color:} #galeria-fotos .swiper-button-next:after {color:} #galeria-fotos .swiper-button-next, #galeria-fotos .swiper-button-prev {height:44px; width:26.4px} <\/style>\t\t\t\t<\/div>\n\t\t<div class=\"elementor-element elementor-element-511bce16 e-con-full e-flex e-con e-child\" data-id=\"511bce16\" data-element_type=\"container\" data-e-type=\"container\" id=\"galeria-fotos\">\n\t\t<div class=\"elementor-element elementor-element-22b05186 e-con-full e-flex e-con e-child\" data-id=\"22b05186\" data-element_type=\"container\" data-e-type=\"container\">\n\t\t\t\t<div class=\"elementor-element elementor-element-f4efd9a elementor-widget elementor-widget-video\" data-id=\"f4efd9a\" data-element_type=\"widget\" data-e-type=\"widget\" data-settings=\"{&quot;video_type&quot;:&quot;hosted&quot;,&quot;controls&quot;:&quot;yes&quot;}\" data-widget_type=\"video.default\">\n\t\t\t\t<div class=\"elementor-widget-container\">\n\t\t\t\t\t\t\t<div class=\"e-hosted-video elementor-wrapper elementor-open-inline\">\n\t\t\t\t\t<video class=\"elementor-video\" src=\"https:\/\/systemica.digital\/wp-content\/uploads\/2024\/07\/Fimi0055-1.mp4\" controls=\"\" preload=\"metadata\" controlslist=\"nodownload\"><\/video>\n\t\t\t\t<\/div>\n\t\t\t\t\t\t<\/div>\n\t\t\t\t<\/div>\n\t\t<div class=\"elementor-element elementor-element-613ca5d4 e-con-full fotos-info e-flex e-con e-child\" data-id=\"613ca5d4\" data-element_type=\"container\" data-e-type=\"container\">\n\t\t\t\t<div class=\"elementor-element elementor-element-16328758 elementor-widget elementor-widget-heading\" data-id=\"16328758\" data-element_type=\"widget\" data-e-type=\"widget\" data-widget_type=\"heading.default\">\n\t\t\t\t<div class=\"elementor-widget-container\">\n\t\t\t\t\t<p class=\"elementor-heading-title elementor-size-default\">Aerial image that highlights the contrast of the FSM project area and its neighborhood. The importance of the existence of carbon projects for the conservation and regeneration of the forest in the deforestation arc region is undeniable.\n<\/p>\t\t\t\t<\/div>\n\t\t\t\t<\/div>\n\t\t\t\t<\/div>\n\t\t\t\t<\/div>\n\t\t\t\t<\/div>\n\t\t\t\t<\/div>\n\t\t\t\t<\/section>\n\t\t\t\t<\/div>","protected":false},"excerpt":{"rendered":"<p>Projeto Florestal Santa Maria Conservando mais de 70 mil hectares no Arco do Desmatamento desde 2009, protegendo a Amaz\u00f4nia e promovendo sustentabilidade. Projeto https:\/\/systemica.digital\/wp-content\/uploads\/2024\/07\/Fimi0055-1.mp4 Imagem a\u00e9rea que evidencia o contraste da \u00e1rea do projeto FSM e sua vizinhan\u00e7a. A import\u00e2ncia da exist\u00eancia de projetos de carbono para a conserva\u00e7\u00e3o e regenera\u00e7\u00e3o da floresta da regi\u00e3o [&hellip;]<\/p>\n","protected":false},"author":1,"featured_media":0,"parent":3067,"menu_order":0,"comment_status":"closed","ping_status":"closed","template":"","meta":{"_acf_changed":false,"footnotes":""},"class_list":["post-8437","page","type-page","status-publish","hentry"],"acf":[],"yoast_head":"<!-- This site is optimized with the Yoast SEO plugin v27.3 - https:\/\/yoast.com\/product\/yoast-seo-wordpress\/ -->\n<title>A\u00e9reo projeto e vizinhan\u00e7a - Systemica<\/title>\n<meta name=\"robots\" content=\"index, follow, max-snippet:-1, max-image-preview:large, max-video-preview:-1\" \/>\n<link rel=\"canonical\" href=\"https:\/\/systemica.digital\/en\/projetos\/florestal-santa-maria\/galeria-fsm\/aereo-projeto-e-vizinhanca\/\" \/>\n<meta property=\"og:locale\" content=\"en_US\" \/>\n<meta property=\"og:type\" content=\"article\" \/>\n<meta property=\"og:title\" content=\"A\u00e9reo projeto e vizinhan\u00e7a - Systemica\" \/>\n<meta property=\"og:description\" content=\"Projeto Florestal Santa Maria Conservando mais de 70 mil hectares no Arco do Desmatamento desde 2009, protegendo a Amaz\u00f4nia e promovendo sustentabilidade. Projeto https:\/\/systemica.digital\/wp-content\/uploads\/2024\/07\/Fimi0055-1.mp4 Imagem a\u00e9rea que evidencia o contraste da \u00e1rea do projeto FSM e sua vizinhan\u00e7a. A import\u00e2ncia da exist\u00eancia de projetos de carbono para a conserva\u00e7\u00e3o e regenera\u00e7\u00e3o da floresta da regi\u00e3o [&hellip;]\" \/>\n<meta property=\"og:url\" content=\"https:\/\/systemica.digital\/en\/projetos\/florestal-santa-maria\/galeria-fsm\/aereo-projeto-e-vizinhanca\/\" \/>\n<meta property=\"og:site_name\" content=\"Systemica\" \/>\n<meta property=\"article:modified_time\" content=\"2024-07-26T15:57:48+00:00\" \/>\n<meta name=\"twitter:card\" content=\"summary_large_image\" \/>\n<script type=\"application\/ld+json\" class=\"yoast-schema-graph\">{\"@context\":\"https:\\\/\\\/schema.org\",\"@graph\":[{\"@type\":\"WebPage\",\"@id\":\"https:\\\/\\\/systemica.digital\\\/projetos\\\/florestal-santa-maria\\\/galeria-fsm\\\/aereo-projeto-e-vizinhanca\\\/\",\"url\":\"https:\\\/\\\/systemica.digital\\\/projetos\\\/florestal-santa-maria\\\/galeria-fsm\\\/aereo-projeto-e-vizinhanca\\\/\",\"name\":\"A\u00e9reo projeto e vizinhan\u00e7a - Systemica\",\"isPartOf\":{\"@id\":\"https:\\\/\\\/systemica.digital\\\/#website\"},\"datePublished\":\"2024-07-15T14:10:50+00:00\",\"dateModified\":\"2024-07-26T15:57:48+00:00\",\"breadcrumb\":{\"@id\":\"https:\\\/\\\/systemica.digital\\\/projetos\\\/florestal-santa-maria\\\/galeria-fsm\\\/aereo-projeto-e-vizinhanca\\\/#breadcrumb\"},\"inLanguage\":\"en-US\",\"potentialAction\":[{\"@type\":\"ReadAction\",\"target\":[\"https:\\\/\\\/systemica.digital\\\/projetos\\\/florestal-santa-maria\\\/galeria-fsm\\\/aereo-projeto-e-vizinhanca\\\/\"]}]},{\"@type\":\"BreadcrumbList\",\"@id\":\"https:\\\/\\\/systemica.digital\\\/projetos\\\/florestal-santa-maria\\\/galeria-fsm\\\/aereo-projeto-e-vizinhanca\\\/#breadcrumb\",\"itemListElement\":[{\"@type\":\"ListItem\",\"position\":1,\"name\":\"In\u00edcio\",\"item\":\"https:\\\/\\\/systemica.digital\\\/\"},{\"@type\":\"ListItem\",\"position\":2,\"name\":\"Projetos\",\"item\":\"https:\\\/\\\/systemica.digital\\\/en\\\/?page_id=22\"},{\"@type\":\"ListItem\",\"position\":3,\"name\":\"Florestal Santa Maria\",\"item\":\"https:\\\/\\\/systemica.digital\\\/projetos\\\/florestal-santa-maria\\\/\"},{\"@type\":\"ListItem\",\"position\":4,\"name\":\"Galeria FSM\",\"item\":\"https:\\\/\\\/systemica.digital\\\/projetos\\\/florestal-santa-maria\\\/galeria-fsm\\\/\"},{\"@type\":\"ListItem\",\"position\":5,\"name\":\"A\u00e9reo projeto e vizinhan\u00e7a\"}]},{\"@type\":\"WebSite\",\"@id\":\"https:\\\/\\\/systemica.digital\\\/#website\",\"url\":\"https:\\\/\\\/systemica.digital\\\/\",\"name\":\"Systemica\",\"description\":\"\",\"publisher\":{\"@id\":\"https:\\\/\\\/systemica.digital\\\/#organization\"},\"potentialAction\":[{\"@type\":\"SearchAction\",\"target\":{\"@type\":\"EntryPoint\",\"urlTemplate\":\"https:\\\/\\\/systemica.digital\\\/?s={search_term_string}\"},\"query-input\":{\"@type\":\"PropertyValueSpecification\",\"valueRequired\":true,\"valueName\":\"search_term_string\"}}],\"inLanguage\":\"en-US\"},{\"@type\":\"Organization\",\"@id\":\"https:\\\/\\\/systemica.digital\\\/#organization\",\"name\":\"Systemica\",\"url\":\"https:\\\/\\\/systemica.digital\\\/\",\"logo\":{\"@type\":\"ImageObject\",\"inLanguage\":\"en-US\",\"@id\":\"https:\\\/\\\/systemica.digital\\\/#\\\/schema\\\/logo\\\/image\\\/\",\"url\":\"https:\\\/\\\/systemica.digital\\\/wp-content\\\/uploads\\\/2024\\\/06\\\/logo-systemica.png\",\"contentUrl\":\"https:\\\/\\\/systemica.digital\\\/wp-content\\\/uploads\\\/2024\\\/06\\\/logo-systemica.png\",\"width\":211,\"height\":29,\"caption\":\"Systemica\"},\"image\":{\"@id\":\"https:\\\/\\\/systemica.digital\\\/#\\\/schema\\\/logo\\\/image\\\/\"}}]}<\/script>\n<!-- \/ Yoast SEO plugin. -->","yoast_head_json":{"title":"Aerial project and neighborhood - Systemica","robots":{"index":"index","follow":"follow","max-snippet":"max-snippet:-1","max-image-preview":"max-image-preview:large","max-video-preview":"max-video-preview:-1"},"canonical":"https:\/\/systemica.digital\/en\/projetos\/florestal-santa-maria\/galeria-fsm\/aereo-projeto-e-vizinhanca\/","og_locale":"en_US","og_type":"article","og_title":"A\u00e9reo projeto e vizinhan\u00e7a - Systemica","og_description":"Projeto Florestal Santa Maria Conservando mais de 70 mil hectares no Arco do Desmatamento desde 2009, protegendo a Amaz\u00f4nia e promovendo sustentabilidade. Projeto https:\/\/systemica.digital\/wp-content\/uploads\/2024\/07\/Fimi0055-1.mp4 Imagem a\u00e9rea que evidencia o contraste da \u00e1rea do projeto FSM e sua vizinhan\u00e7a. A import\u00e2ncia da exist\u00eancia de projetos de carbono para a conserva\u00e7\u00e3o e regenera\u00e7\u00e3o da floresta da regi\u00e3o [&hellip;]","og_url":"https:\/\/systemica.digital\/en\/projetos\/florestal-santa-maria\/galeria-fsm\/aereo-projeto-e-vizinhanca\/","og_site_name":"Systemica","article_modified_time":"2024-07-26T15:57:48+00:00","twitter_card":"summary_large_image","schema":{"@context":"https:\/\/schema.org","@graph":[{"@type":"WebPage","@id":"https:\/\/systemica.digital\/projetos\/florestal-santa-maria\/galeria-fsm\/aereo-projeto-e-vizinhanca\/","url":"https:\/\/systemica.digital\/projetos\/florestal-santa-maria\/galeria-fsm\/aereo-projeto-e-vizinhanca\/","name":"Aerial project and neighborhood - Systemica","isPartOf":{"@id":"https:\/\/systemica.digital\/#website"},"datePublished":"2024-07-15T14:10:50+00:00","dateModified":"2024-07-26T15:57:48+00:00","breadcrumb":{"@id":"https:\/\/systemica.digital\/projetos\/florestal-santa-maria\/galeria-fsm\/aereo-projeto-e-vizinhanca\/#breadcrumb"},"inLanguage":"en-US","potentialAction":[{"@type":"ReadAction","target":["https:\/\/systemica.digital\/projetos\/florestal-santa-maria\/galeria-fsm\/aereo-projeto-e-vizinhanca\/"]}]},{"@type":"BreadcrumbList","@id":"https:\/\/systemica.digital\/projetos\/florestal-santa-maria\/galeria-fsm\/aereo-projeto-e-vizinhanca\/#breadcrumb","itemListElement":[{"@type":"ListItem","position":1,"name":"In\u00edcio","item":"https:\/\/systemica.digital\/"},{"@type":"ListItem","position":2,"name":"Projetos","item":"https:\/\/systemica.digital\/en\/?page_id=22"},{"@type":"ListItem","position":3,"name":"Florestal Santa Maria","item":"https:\/\/systemica.digital\/projetos\/florestal-santa-maria\/"},{"@type":"ListItem","position":4,"name":"Galeria FSM","item":"https:\/\/systemica.digital\/projetos\/florestal-santa-maria\/galeria-fsm\/"},{"@type":"ListItem","position":5,"name":"A\u00e9reo projeto e vizinhan\u00e7a"}]},{"@type":"WebSite","@id":"https:\/\/systemica.digital\/#website","url":"https:\/\/systemica.digital\/","name":"Systemica","description":"","publisher":{"@id":"https:\/\/systemica.digital\/#organization"},"potentialAction":[{"@type":"SearchAction","target":{"@type":"EntryPoint","urlTemplate":"https:\/\/systemica.digital\/?s={search_term_string}"},"query-input":{"@type":"PropertyValueSpecification","valueRequired":true,"valueName":"search_term_string"}}],"inLanguage":"en-US"},{"@type":"Organization","@id":"https:\/\/systemica.digital\/#organization","name":"Systemica","url":"https:\/\/systemica.digital\/","logo":{"@type":"ImageObject","inLanguage":"en-US","@id":"https:\/\/systemica.digital\/#\/schema\/logo\/image\/","url":"https:\/\/systemica.digital\/wp-content\/uploads\/2024\/06\/logo-systemica.png","contentUrl":"https:\/\/systemica.digital\/wp-content\/uploads\/2024\/06\/logo-systemica.png","width":211,"height":29,"caption":"Systemica"},"image":{"@id":"https:\/\/systemica.digital\/#\/schema\/logo\/image\/"}}]}},"_links":{"self":[{"href":"https:\/\/systemica.digital\/en\/wp-json\/wp\/v2\/pages\/8437","targetHints":{"allow":["GET"]}}],"collection":[{"href":"https:\/\/systemica.digital\/en\/wp-json\/wp\/v2\/pages"}],"about":[{"href":"https:\/\/systemica.digital\/en\/wp-json\/wp\/v2\/types\/page"}],"author":[{"embeddable":true,"href":"https:\/\/systemica.digital\/en\/wp-json\/wp\/v2\/users\/1"}],"replies":[{"embeddable":true,"href":"https:\/\/systemica.digital\/en\/wp-json\/wp\/v2\/comments?post=8437"}],"version-history":[{"count":0,"href":"https:\/\/systemica.digital\/en\/wp-json\/wp\/v2\/pages\/8437\/revisions"}],"up":[{"embeddable":true,"href":"https:\/\/systemica.digital\/en\/wp-json\/wp\/v2\/pages\/3067"}],"wp:attachment":[{"href":"https:\/\/systemica.digital\/en\/wp-json\/wp\/v2\/media?parent=8437"}],"curies":[{"name":"wp","href":"https:\/\/api.w.org\/{rel}","templated":true}]}}