{"id":8422,"date":"2024-07-15T10:59:12","date_gmt":"2024-07-15T13:59:12","guid":{"rendered":"https:\/\/systemica.digital\/?page_id=8422"},"modified":"2024-07-25T17:09:57","modified_gmt":"2024-07-25T20:09:57","slug":"atividades-comunidade","status":"publish","type":"page","link":"https:\/\/systemica.digital\/en\/projetos\/florestal-santa-maria\/galeria-fsm\/atividades-comunidade\/","title":{"rendered":"Community Activities"},"content":{"rendered":"\t\t<div data-elementor-type=\"wp-page\" data-elementor-id=\"8422\" class=\"elementor elementor-8422\" data-elementor-post-type=\"page\">\n\t\t\t\t<section class=\"elementor-element elementor-element-b80dda1 e-con-full e-flex e-con e-parent\" data-id=\"b80dda1\" data-element_type=\"container\" data-e-type=\"container\" data-settings=\"{&quot;background_background&quot;:&quot;classic&quot;}\">\n\t\t<div class=\"elementor-element elementor-element-bc1840a e-con-full clipped-element-banner e-flex e-con e-child\" data-id=\"bc1840a\" data-element_type=\"container\" data-e-type=\"container\" data-settings=\"{&quot;background_background&quot;:&quot;classic&quot;}\">\n\t\t<div class=\"elementor-element elementor-element-fd347bf e-flex e-con-boxed e-con e-child\" data-id=\"fd347bf\" data-element_type=\"container\" data-e-type=\"container\">\n\t\t\t\t\t<div class=\"e-con-inner\">\n\t\t<div class=\"elementor-element elementor-element-44f55a0 e-con-full e-flex e-con e-child\" data-id=\"44f55a0\" data-element_type=\"container\" data-e-type=\"container\">\n\t\t\t\t<div class=\"elementor-element elementor-element-dbb276c elementor-invisible elementor-widget elementor-widget-heading\" data-id=\"dbb276c\" data-element_type=\"widget\" data-e-type=\"widget\" data-settings=\"{&quot;_animation&quot;:&quot;fadeInUp&quot;,&quot;_animation_mobile&quot;:&quot;fadeInUp&quot;}\" data-widget_type=\"heading.default\">\n\t\t\t\t<div class=\"elementor-widget-container\">\n\t\t\t\t\t<h3 class=\"elementor-heading-title elementor-size-default\">Projeto<\/h3>\t\t\t\t<\/div>\n\t\t\t\t<\/div>\n\t\t\t\t<div class=\"elementor-element elementor-element-06ea713 elementor-widget__width-initial elementor-invisible elementor-widget elementor-widget-heading\" data-id=\"06ea713\" data-element_type=\"widget\" data-e-type=\"widget\" data-settings=\"{&quot;_animation&quot;:&quot;fadeInUp&quot;}\" data-widget_type=\"heading.default\">\n\t\t\t\t<div class=\"elementor-widget-container\">\n\t\t\t\t\t<h1 class=\"elementor-heading-title elementor-size-default\">Florestal <br> Santa Maria<\/h1>\t\t\t\t<\/div>\n\t\t\t\t<\/div>\n\t\t\t\t<\/div>\n\t\t<div class=\"elementor-element elementor-element-f7d7285 e-con-full e-flex e-con e-child\" data-id=\"f7d7285\" data-element_type=\"container\" data-e-type=\"container\">\n\t\t\t\t<div class=\"elementor-element elementor-element-81f266e elementor-invisible elementor-widget elementor-widget-heading\" data-id=\"81f266e\" data-element_type=\"widget\" data-e-type=\"widget\" data-settings=\"{&quot;_animation&quot;:&quot;fadeInUp&quot;}\" data-widget_type=\"heading.default\">\n\t\t\t\t<div class=\"elementor-widget-container\">\n\t\t\t\t\t<p class=\"elementor-heading-title elementor-size-default\">Conservando mais de 70 mil hectares no Arco do Desmatamento desde 2009, protegendo a Amaz\u00f4nia e promovendo sustentabilidade.<\/p>\t\t\t\t<\/div>\n\t\t\t\t<\/div>\n\t\t\t\t<\/div>\n\t\t\t\t\t<\/div>\n\t\t\t\t<\/div>\n\t\t\t\t<\/div>\n\t\t<div class=\"elementor-element elementor-element-061c9ee e-con-full e-flex e-con e-child\" data-id=\"061c9ee\" data-element_type=\"container\" data-e-type=\"container\">\n\t\t\t\t<\/div>\n\t\t\t\t<\/section>\n\t\t<section class=\"elementor-element elementor-element-a491a40 e-con-full e-flex e-con e-parent\" data-id=\"a491a40\" data-element_type=\"container\" data-e-type=\"container\">\n\t\t<div class=\"elementor-element elementor-element-280e1888 e-flex e-con-boxed e-con e-child\" data-id=\"280e1888\" data-element_type=\"container\" data-e-type=\"container\">\n\t\t\t\t\t<div class=\"e-con-inner\">\n\t\t\t\t<div class=\"elementor-element elementor-element-fcdb6fe elementor-widget elementor-widget-heading\" data-id=\"fcdb6fe\" data-element_type=\"widget\" data-e-type=\"widget\" data-widget_type=\"heading.default\">\n\t\t\t\t<div class=\"elementor-widget-container\">\n\t\t\t\t\t<h3 class=\"elementor-heading-title elementor-size-default\">Projeto<\/h3>\t\t\t\t<\/div>\n\t\t\t\t<\/div>\n\t\t\t\t<div class=\"elementor-element elementor-element-553c6e62 elementor-widget elementor-widget-heading\" data-id=\"553c6e62\" data-element_type=\"widget\" data-e-type=\"widget\" data-widget_type=\"heading.default\">\n\t\t\t\t<div class=\"elementor-widget-container\">\n\t\t\t\t\t<h2 class=\"elementor-heading-title elementor-size-default\">Atividades Comunidade<\/h2>\t\t\t\t<\/div>\n\t\t\t\t<\/div>\n\t\t\t\t\t<\/div>\n\t\t\t\t<\/div>\n\t\t<div class=\"elementor-element elementor-element-7cf41a12 e-con-full e-flex e-con e-child\" data-id=\"7cf41a12\" data-element_type=\"container\" data-e-type=\"container\">\n\t\t\t\t<div class=\"elementor-element elementor-element-32c78964 elementor-widget elementor-widget-miga_slide_everything_title\" data-id=\"32c78964\" data-element_type=\"widget\" data-e-type=\"widget\" data-widget_type=\"miga_slide_everything_title.default\">\n\t\t\t\t\t<div class=\"miga_slide_everything\" data-mousewheel=\"0\" data-sliderId=\"galeria-fotos\" data-spv=\"4\" data-spvt=\"2\" data-spvp=\"1\" data-spacebetween=\"30\" data-loop=\"1\" data-centerSlides=\"1\" data-autoplay=\"0\" data-autoplay-reverse=\"0\" data-newmethod=\"1\" data-pagination=\"0\" data-arrows=\"1\" data-latestSwiper=\"\" data-dot-padding=\"10\" data-touchmove=\"0\" data-freemode=\"0\" data-autoplay-delay=\"\"><\/div><style type=\"text\/css\">#galeria-fotos .swiper-button-prev::after {content: none}#galeria-fotos .swiper-button-next::after {content: none}#galeria-fotos .swiper-button-prev {background-image: none } #galeria-fotos .swiper-button-next {background-image: none } #galeria-fotos .swiper-button-prev svg path {fill:} #galeria-fotos .swiper-button-next svg path {fill:} #galeria-fotos .swiper-button-prev:after {color:} #galeria-fotos .swiper-button-next:after {color:} #galeria-fotos .swiper-button-next, #galeria-fotos .swiper-button-prev {height:44px; width:26.4px} <\/style>\t\t\t\t<\/div>\n\t\t<div class=\"elementor-element elementor-element-46100e39 e-con-full e-flex e-con e-child\" data-id=\"46100e39\" data-element_type=\"container\" data-e-type=\"container\" id=\"galeria-fotos\">\n\t\t<div class=\"elementor-element elementor-element-131c706f e-con-full e-flex e-con e-child\" data-id=\"131c706f\" data-element_type=\"container\" data-e-type=\"container\" data-settings=\"{&quot;background_background&quot;:&quot;classic&quot;}\">\n\t\t<div class=\"elementor-element elementor-element-23d60a48 e-con-full fotos-info e-flex e-con e-child\" data-id=\"23d60a48\" data-element_type=\"container\" data-e-type=\"container\">\n\t\t\t\t<div class=\"elementor-element elementor-element-4d8380b9 elementor-widget elementor-widget-heading\" data-id=\"4d8380b9\" data-element_type=\"widget\" data-e-type=\"widget\" data-widget_type=\"heading.default\">\n\t\t\t\t<div class=\"elementor-widget-container\">\n\t\t\t\t\t<span class=\"elementor-heading-title elementor-size-default\">Primeiros-socorros<\/span>\t\t\t\t<\/div>\n\t\t\t\t<\/div>\n\t\t\t\t<div class=\"elementor-element elementor-element-5a9aef18 elementor-widget elementor-widget-heading\" data-id=\"5a9aef18\" data-element_type=\"widget\" data-e-type=\"widget\" data-widget_type=\"heading.default\">\n\t\t\t\t<div class=\"elementor-widget-container\">\n\t\t\t\t\t<p class=\"elementor-heading-title elementor-size-default\">Registro do treinamento de primeiros socorros realizados com os funcion\u00e1rios do projeto, realizado em abril de 2023.<\/p>\t\t\t\t<\/div>\n\t\t\t\t<\/div>\n\t\t\t\t<\/div>\n\t\t\t\t<\/div>\n\t\t<div class=\"elementor-element elementor-element-43f8c53 e-con-full e-flex e-con e-child\" data-id=\"43f8c53\" data-element_type=\"container\" data-e-type=\"container\" data-settings=\"{&quot;background_background&quot;:&quot;classic&quot;}\">\n\t\t<div class=\"elementor-element elementor-element-5b6f68f e-con-full fotos-info e-flex e-con e-child\" data-id=\"5b6f68f\" data-element_type=\"container\" data-e-type=\"container\">\n\t\t\t\t<div class=\"elementor-element elementor-element-256fea7 elementor-widget elementor-widget-heading\" data-id=\"256fea7\" data-element_type=\"widget\" data-e-type=\"widget\" data-widget_type=\"heading.default\">\n\t\t\t\t<div class=\"elementor-widget-container\">\n\t\t\t\t\t<span class=\"elementor-heading-title elementor-size-default\">Entrevistados<\/span>\t\t\t\t<\/div>\n\t\t\t\t<\/div>\n\t\t\t\t<div class=\"elementor-element elementor-element-19f430c elementor-widget elementor-widget-heading\" data-id=\"19f430c\" data-element_type=\"widget\" data-e-type=\"widget\" data-widget_type=\"heading.default\">\n\t\t\t\t<div class=\"elementor-widget-container\">\n\t\t\t\t\t<p class=\"elementor-heading-title elementor-size-default\">Registro de oficina de sa\u00fade realizado com a comunidade do entorno do projeto, como parte das atividades de impacto a comunidade<\/p>\t\t\t\t<\/div>\n\t\t\t\t<\/div>\n\t\t\t\t<\/div>\n\t\t\t\t<\/div>\n\t\t<div class=\"elementor-element elementor-element-7e2c97d e-con-full e-flex e-con e-child\" data-id=\"7e2c97d\" data-element_type=\"container\" data-e-type=\"container\" data-settings=\"{&quot;background_background&quot;:&quot;classic&quot;}\">\n\t\t<div class=\"elementor-element elementor-element-6627fcb e-con-full fotos-info e-flex e-con e-child\" data-id=\"6627fcb\" data-element_type=\"container\" data-e-type=\"container\">\n\t\t\t\t<div class=\"elementor-element elementor-element-a04cb97 elementor-widget elementor-widget-heading\" data-id=\"a04cb97\" data-element_type=\"widget\" data-e-type=\"widget\" data-widget_type=\"heading.default\">\n\t\t\t\t<div class=\"elementor-widget-container\">\n\t\t\t\t\t<span class=\"elementor-heading-title elementor-size-default\">Treinamento-brigada<\/span>\t\t\t\t<\/div>\n\t\t\t\t<\/div>\n\t\t\t\t<div class=\"elementor-element elementor-element-caf11c1 elementor-widget elementor-widget-heading\" data-id=\"caf11c1\" data-element_type=\"widget\" data-e-type=\"widget\" data-widget_type=\"heading.default\">\n\t\t\t\t<div class=\"elementor-widget-container\">\n\t\t\t\t\t<p class=\"elementor-heading-title elementor-size-default\">Imagem a\u00e9rea do treinamento de brigada de inc\u00eandio realizado em mar\u00e7o de 2023<\/p>\t\t\t\t<\/div>\n\t\t\t\t<\/div>\n\t\t\t\t<\/div>\n\t\t\t\t<\/div>\n\t\t\t\t<\/div>\n\t\t\t\t<\/div>\n\t\t\t\t<\/section>\n\t\t<section class=\"elementor-element elementor-element-69b0a5c e-flex e-con-boxed e-con e-parent\" data-id=\"69b0a5c\" data-element_type=\"container\" data-e-type=\"container\" data-settings=\"{&quot;background_background&quot;:&quot;classic&quot;}\">\n\t\t\t\t\t<div class=\"e-con-inner\">\n\t\t\t\t<div class=\"elementor-element elementor-element-f1ae7bb elementor-widget elementor-widget-heading\" data-id=\"f1ae7bb\" data-element_type=\"widget\" data-e-type=\"widget\" data-widget_type=\"heading.default\">\n\t\t\t\t<div class=\"elementor-widget-container\">\n\t\t\t\t\t<h2 class=\"elementor-heading-title elementor-size-default\"><span class=\"elementor-screen-only\">F.A.Q. | Perguntas e respostas<\/span><\/h2>\t\t\t\t<\/div>\n\t\t\t\t<\/div>\n\t\t\t\t<div class=\"elementor-element elementor-element-c50a4ab elementor-absolute elementor-widget elementor-widget-html\" data-id=\"c50a4ab\" data-element_type=\"widget\" data-e-type=\"widget\" data-settings=\"{&quot;_position&quot;:&quot;absolute&quot;}\" data-widget_type=\"html.default\">\n\t\t\t\t<div class=\"elementor-widget-container\">\n\t\t\t\t\t<svg>\r\n<defs>\r\n<clipPath id=\"faq-path\">\r\n<path class=\"st0\" d=\"M522.7,11.7C514.8,3.9,504.6,0.1,494.3,0h-278c-11.3-0.1-22.7,4.2-31.3,12.7L167.7,30c-2.7,2.7-6.1,4-9.6,4.1v0\r\n\tc-3.5-0.1-6.9-1.4-9.6-4.1l-17.3-17.3c-8.6-8.6-20-12.8-31.3-12.7H40.7C30.4,0.1,20.2,3.9,12.3,11.7C-4.1,28-4.1,54.6,12.3,70.9\r\n\tc7.8,7.8,18.1,11.6,28.4,11.7h59.1c11.3,0.1,22.7-4.2,31.3-12.7l17.3-17.3c2.7-2.7,6.1-4,9.6-4.1v0c3.5,0.1,6.9,1.4,9.6,4.1\r\n\tl17.3,17.3c8.6,8.6,20,12.8,31.3,12.7h278c10.3-0.1,20.5-3.9,28.4-11.7C539.1,54.6,539.1,28,522.7,11.7z\"\/>\r\n<\/clipPath>\r\n<\/defs>\r\n<\/svg>\t\t\t\t<\/div>\n\t\t\t\t<\/div>\n\t\t\t\t<div class=\"elementor-element elementor-element-a8baf73 elementor-absolute elementor-widget elementor-widget-html\" data-id=\"a8baf73\" data-element_type=\"widget\" data-e-type=\"widget\" data-settings=\"{&quot;_position&quot;:&quot;absolute&quot;}\" data-widget_type=\"html.default\">\n\t\t\t\t<div class=\"elementor-widget-container\">\n\t\t\t\t\t<svg>\r\n<defs>\r\n<clipPath id=\"faq-path-mobile\">\r\n\r\n<path class=\"st0\" d=\"M293.1,6.6c-4.4-4.4-10.1-6.5-15.9-6.6H121.2c-6.3-0.1-12.7,2.3-17.5,7.1L94,16.8c-1.5,1.5-3.4,2.2-5.4,2.3v0\r\n\tc-2,0-3.9-0.8-5.4-2.3l-9.7-9.7C68.7,2.3,62.3-0.1,56,0H22.8C17.1,0.1,11.3,2.2,6.9,6.6c-9.2,9.1-9.2,24.1,0,33.2\r\n\tc4.4,4.4,10.1,6.5,15.9,6.6H56c6.3,0.1,12.7-2.3,17.5-7.1l9.7-9.7c1.5-1.5,3.4-2.2,5.4-2.3v0c2,0,3.9,0.8,5.4,2.3l9.7,9.7\r\n\tc4.8,4.8,11.2,7.2,17.5,7.1h155.9c5.8-0.1,11.5-2.2,15.9-6.6C302.3,30.6,302.3,15.7,293.1,6.6z\"\/>\r\n<\/defs>\r\n<\/clipPath>\r\n<\/svg>\r\n\t\t\t\t<\/div>\n\t\t\t\t<\/div>\n\t\t<div class=\"elementor-element elementor-element-fe748d2 e-con-full elementor-hidden-mobile e-flex e-con e-child\" data-id=\"fe748d2\" data-element_type=\"container\" data-e-type=\"container\">\n\t\t<div class=\"elementor-element elementor-element-c40c0b2 e-con-full e-flex e-con e-child\" data-id=\"c40c0b2\" data-element_type=\"container\" data-e-type=\"container\">\n\t\t\t\t<div class=\"elementor-element elementor-element-fd7f858 elementor-widget elementor-widget-heading\" data-id=\"fd7f858\" data-element_type=\"widget\" data-e-type=\"widget\" data-widget_type=\"heading.default\">\n\t\t\t\t<div class=\"elementor-widget-container\">\n\t\t\t\t\t<h2 class=\"elementor-heading-title elementor-size-default\">F.A.Q<\/h2>\t\t\t\t<\/div>\n\t\t\t\t<\/div>\n\t\t\t\t<\/div>\n\t\t<div class=\"elementor-element elementor-element-a576ed3 e-con-full e-flex e-con e-child\" data-id=\"a576ed3\" data-element_type=\"container\" data-e-type=\"container\">\n\t\t\t\t<div class=\"elementor-element elementor-element-733f9e5 elementor-widget elementor-widget-heading\" data-id=\"733f9e5\" data-element_type=\"widget\" data-e-type=\"widget\" data-widget_type=\"heading.default\">\n\t\t\t\t<div class=\"elementor-widget-container\">\n\t\t\t\t\t<h2 class=\"elementor-heading-title elementor-size-default\">perguntas e respostas<\/h2>\t\t\t\t<\/div>\n\t\t\t\t<\/div>\n\t\t\t\t<\/div>\n\t\t\t\t<\/div>\n\t\t<div class=\"elementor-element elementor-element-30ed5bc e-con-full elementor-hidden-desktop elementor-hidden-tablet e-flex e-con e-child\" data-id=\"30ed5bc\" data-element_type=\"container\" data-e-type=\"container\">\n\t\t<div class=\"elementor-element elementor-element-a6c649c e-con-full e-flex e-con e-child\" data-id=\"a6c649c\" data-element_type=\"container\" data-e-type=\"container\">\n\t\t\t\t<div class=\"elementor-element elementor-element-ef3970f elementor-widget elementor-widget-heading\" data-id=\"ef3970f\" data-element_type=\"widget\" data-e-type=\"widget\" data-widget_type=\"heading.default\">\n\t\t\t\t<div class=\"elementor-widget-container\">\n\t\t\t\t\t<h2 class=\"elementor-heading-title elementor-size-default\">F.A.Q<\/h2>\t\t\t\t<\/div>\n\t\t\t\t<\/div>\n\t\t\t\t<\/div>\n\t\t<div class=\"elementor-element elementor-element-0fc0088 e-con-full e-flex e-con e-child\" data-id=\"0fc0088\" data-element_type=\"container\" data-e-type=\"container\">\n\t\t\t\t<div class=\"elementor-element elementor-element-11d335e elementor-widget elementor-widget-heading\" data-id=\"11d335e\" data-element_type=\"widget\" data-e-type=\"widget\" data-widget_type=\"heading.default\">\n\t\t\t\t<div class=\"elementor-widget-container\">\n\t\t\t\t\t<h2 class=\"elementor-heading-title elementor-size-default\">perguntas e respostas<\/h2>\t\t\t\t<\/div>\n\t\t\t\t<\/div>\n\t\t\t\t<\/div>\n\t\t\t\t<\/div>\n\t\t\t\t<div class=\"elementor-element elementor-element-4084e4b elementor-widget elementor-widget-toggle\" data-id=\"4084e4b\" data-element_type=\"widget\" data-e-type=\"widget\" data-widget_type=\"toggle.default\">\n\t\t\t\t<div class=\"elementor-widget-container\">\n\t\t\t\t\t\t\t<div class=\"elementor-toggle\">\n\t\t\t\t\t\t\t<div class=\"elementor-toggle-item\">\n\t\t\t\t\t<div id=\"elementor-tab-title-6761\" class=\"elementor-tab-title\" data-tab=\"1\" role=\"button\" aria-controls=\"elementor-tab-content-6761\" aria-expanded=\"false\">\n\t\t\t\t\t\t\t\t\t\t\t\t<a class=\"elementor-toggle-title\" tabindex=\"0\">1 \u2013 Como o projeto evita o desmatamento n\u00e3o planejado?<\/a>\n\t\t\t\t\t<\/div>\n\n\t\t\t\t\t<div id=\"elementor-tab-content-6761\" class=\"elementor-tab-content elementor-clearfix\" data-tab=\"1\" role=\"region\" aria-labelledby=\"elementor-tab-title-6761\"><p>O projeto mobiliza recursos humano e financeiro para proteger suas florestas contra invas\u00f5es, como detalhado abaixo na se\u00e7\u00e3o Principais Atividades Relativas \u00e0 Preven\u00e7\u00e3o de Amea\u00e7as. Ao longo dos anos, foram registradas muitas invas\u00f5es de propriedades e aumento do desmatamento na regi\u00e3o amaz\u00f4nica causados por ocupa\u00e7\u00f5es ilegais. De acordo com o PRODES, projeto que monitora o desmatamento da Floresta Amaz\u00f4nica, o estado do Mato Grosso, onde est\u00e1 localizado o projeto FSM, j\u00e1 perdeu 222.595,52 km2 de floresta, o que corresponde a 24,60% da \u00e1rea total do estado, e o ano de 2021 foi o que mais desmatou desde 2000. No ranking de desmatamento do PRODES, Colniza \u00e9 a 8\u00aa cidade com maior desmatamento anual (2020\/2021) e a 17\u00aa cidade com maior \u00e1rea desmatada na Amaz\u00f4nia Legal. Al\u00e9m disso, podemos presumir que os n\u00fameros tendem a ser consideravelmente mais preocupantes porque o desmatamento \u00e9 apenas contados em \u00e1reas maiores que 6,25 hectares.<\/p><p>Principais atividades relativas \u00e0 preven\u00e7\u00e3o de amea\u00e7as<\/p><p><strong>Preven\u00e7\u00e3o de atividades ilegais:<\/strong><\/p><ul><li>Gest\u00e3o e suporte \u00e0s 7 bases de monitoramento localizadas em pontos estrat\u00e9gicos nos limites da fazenda.<\/li><li>Comunica\u00e7\u00e3o imediata de qualquer incidente diretamente ao setor administrativo e \u00f3rg\u00e3os competentes.<\/li><li>Proibi\u00e7\u00e3o de entrada de pessoas n\u00e3o autorizadas na fazenda.<\/li><li>Proibi\u00e7\u00e3o de ca\u00e7a, pesca e atividades n\u00e3o autorizadas dentro da fazenda<\/li><\/ul><p><strong>Preven\u00e7\u00e3o e Controle de Inc\u00eandios<\/strong><\/p><ul><li>Comunica\u00e7\u00e3o de focos de inc\u00eandio ao setor administrativo, registro na ficha de ocorr\u00eancia de inc\u00eandio e comunica\u00e7\u00e3o aos \u00f3rg\u00e3os competentes. Em caso de inc\u00eandio, acionamento do time de brigada de inc\u00eandio da regi\u00e3o.<\/li><li>Fornecimento de materiais e equipamentos para as atividades de Combate e Controle de Inc\u00eandio.<\/li><li>Equipe cadastrada e qualificada da fazenda dispon\u00edvel para atuar no controle de in\u00edcio de inc\u00eandio.<\/li><li>Utiliza\u00e7\u00e3o de t\u00e9cnicas de prote\u00e7\u00e3o com aceiros naturais e aceiros artificiais.<\/li><li>Orienta\u00e7\u00e3o \u00e0 vizinhan\u00e7a quanto \u00e0 preven\u00e7\u00e3o, medidas e boas pr\u00e1ticas para evitar o in\u00edcio de inc\u00eandios.<\/li><li>O manejo florestal da Fazenda Santa utiliza t\u00e9cnicas de baixo impacto, como planejamento de estradas e pistas de arraste, corte direcional e corte de cip\u00f3s (se houver alta incid\u00eancia) para reduzir a abertura do dossel e diminuir o tamanho das clareiras formadas. Dessa forma, h\u00e1 menos material oxidante e menos luz solar na floresta explorada, diminuindo o risco de inc\u00eandio.<\/li><\/ul><p>Devido \u00e0 localiza\u00e7\u00e3o geogr\u00e1fica da \u00e1rea do projeto, pr\u00f3xima \u00e0s unidades de conserva\u00e7\u00e3o Parque Estadual Igarap\u00e9s do Juruena e Parque Nacional do Juruena, podemos presumir poss\u00edveis impactos positivos e contribui\u00e7\u00f5es ao meio ambiente como a manuten\u00e7\u00e3o do corredor ecol\u00f3gico, que \u00e9 rico em biodiversidade de fauna e flora e atua no controle de fragmenta\u00e7\u00e3o do solo, conectividade entre povoamentos, e como uma \u00e1rea de ref\u00fagio para a biodiversidade. Adicionalmente, a \u00c1rea do Projeto funciona como zona tamp\u00e3o de riscos e amea\u00e7as ao mosaico de \u00e1reas protegidas do Norte do Estado de Mato Grosso (Figura 1). Foram identificadas a presen\u00e7a de muitas esp\u00e9cies amea\u00e7adas da flora e fauna no entorno do projeto, como por exemplo, Leopardus tigrinus, Kunzia tomentosus, Dinomys branickii, Clytoctantes atrogularis, Bertholletia excelsa, Hevea brasiliensis, esp\u00e9cies).<\/p><p>Adicionalmente, \u00e9 importante destacar que algumas \u00e1reas no entorno do projeto est\u00e3o classificadas como\u00a0<a href=\"http:\/\/datazone.birdlife.org\/site\/results?thrlev1=&amp;thrlev2=&amp;kw=&amp;reg=0&amp;cty=30&amp;snm=&amp;fam=0&amp;gen=0&amp;spc=&amp;cmn=\" target=\"_blank\" rel=\"noopener\">\u00c1reas Importantes para a Conserva\u00e7\u00e3o de Aves (IBAs)<\/a>. Existem apenas 234 IBAs no Brasil e podemos dizer que a regi\u00e3o pr\u00f3xima ao Projeto Santa Maria \u00e9 uma delas.<\/p><p>Os pol\u00edgonos vermelhos na Figura 1 representam os limites do projeto Florestal Santa Maria. Al\u00e9m de evidenciar o contraste entre a regi\u00e3o desmatada e a regi\u00e3o de floresta do munic\u00edpio de Colniza, a imagem de sat\u00e9lite comprova que o projeto Florestal de Santa Maria \u00e9 respons\u00e1vel por proteger grandes e cont\u00edguos fragmentos florestais dessa regi\u00e3o desde seu in\u00edcio em 2009.<\/p><p><strong>Figura 1.<\/strong>\u00a0Regi\u00e3o do projeto Florestal Santa Maria na visualiza\u00e7\u00e3o do Google Earth (Landsat\/Copernicus Satellite) para os anos de 2009 e 2016, e na visualiza\u00e7\u00e3o do sat\u00e9lite Planet para o ano de 2023.<\/p><p><img fetchpriority=\"high\" decoding=\"async\" class=\"alignnone wp-image-4192 size-full\" src=\"https:\/\/systemica.digital\/wp-content\/uploads\/2024\/07\/Evolucao-Desmat-FSM.png.webp\" alt=\"\" width=\"1014\" height=\"1584\" srcset=\"https:\/\/systemica.digital\/wp-content\/uploads\/2024\/07\/Evolucao-Desmat-FSM.png.webp 1014w, https:\/\/systemica.digital\/wp-content\/uploads\/2024\/07\/Evolucao-Desmat-FSM.png-192x300.webp 192w, https:\/\/systemica.digital\/wp-content\/uploads\/2024\/07\/Evolucao-Desmat-FSM.png-656x1024.webp 656w, https:\/\/systemica.digital\/wp-content\/uploads\/2024\/07\/Evolucao-Desmat-FSM.png-768x1200.webp 768w, https:\/\/systemica.digital\/wp-content\/uploads\/2024\/07\/Evolucao-Desmat-FSM.png-983x1536.webp 983w\" sizes=\"(max-width: 1014px) 100vw, 1014px\" \/><\/p><\/div>\n\t\t\t\t<\/div>\n\t\t\t\t\t\t\t<div class=\"elementor-toggle-item\">\n\t\t\t\t\t<div id=\"elementor-tab-title-6762\" class=\"elementor-tab-title\" data-tab=\"2\" role=\"button\" aria-controls=\"elementor-tab-content-6762\" aria-expanded=\"false\">\n\t\t\t\t\t\t\t\t\t\t\t\t<a class=\"elementor-toggle-title\" tabindex=\"0\">2 \u2013 A quais riscos a \u00e1rea estava exposta no cen\u00e1rio de linha de base? Algum caso de desmatamento ilegal ocorreu antes ou durante o projeto? Houve alguma renova\u00e7\u00e3o da linha de base?<\/a>\n\t\t\t\t\t<\/div>\n\n\t\t\t\t\t<div id=\"elementor-tab-content-6762\" class=\"elementor-tab-content elementor-clearfix\" data-tab=\"2\" role=\"region\" aria-labelledby=\"elementor-tab-title-6762\"><p>A linha de base do projeto assumiu que, na aus\u00eancia do projeto, a floresta teria sido cortada ilegalmente e a madeira explorada, ap\u00f3s isto a \u00e1rea teria sido transformada em pasto ou caf\u00e9, duas pr\u00e1ticas comuns na regi\u00e3o do projeto. Conforme descrito no documento do PDD, antes do in\u00edcio do projeto a fazenda havia registrado v\u00e1rios casos de invas\u00f5es, por\u00e9m com o projeto isso foi controlado devido \u00e0 intensifica\u00e7\u00e3o das atividades de patrulhamento e fiscaliza\u00e7\u00e3o.<\/p><p>O modelo inicial de desmatamento do projeto afirma que, na aus\u00eancia do projeto, 87,6% da \u00e1rea poderia ter sido convertida em 30 anos. Isso se deve ao fato de que a primeira linha de base foi estabelecida com base na tend\u00eancia de desmatamento observada entre 1999 e 2010, \u00e9poca em que as taxas de desmatamento eram muito maiores do que hoje. Por\u00e9m, conforme previsto inicialmente na metodologia, a cada 10 anos a linha de base precisa ser revalidada, o que foi feito para as considera\u00e7\u00f5es de desmatamento evitado a partir do ano de 2019. Os novos modelos agora mostram uma press\u00e3o muito menor na \u00e1rea do projeto, evidenciando que o projeto tem sido eficiente na redu\u00e7\u00e3o do risco de desmatamento em sua \u00e1rea.<\/p><p><strong>Figura 2<\/strong>. Taxas anuais de desmatamento para o estado de Mato Grosso, Brasil, observadas pelo Programa Oficial de Monitoramento PRODES<\/p><p><img decoding=\"async\" class=\"alignnone wp-image-4196 size-full\" src=\"https:\/\/systemica.digital\/wp-content\/uploads\/2024\/07\/grafico.jpeg.webp\" alt=\"\" width=\"1600\" height=\"659\" srcset=\"https:\/\/systemica.digital\/wp-content\/uploads\/2024\/07\/grafico.jpeg.webp 1600w, https:\/\/systemica.digital\/wp-content\/uploads\/2024\/07\/grafico.jpeg-300x124.webp 300w, https:\/\/systemica.digital\/wp-content\/uploads\/2024\/07\/grafico.jpeg-1024x422.webp 1024w, https:\/\/systemica.digital\/wp-content\/uploads\/2024\/07\/grafico.jpeg-768x316.webp 768w, https:\/\/systemica.digital\/wp-content\/uploads\/2024\/07\/grafico.jpeg-1536x633.webp 1536w\" sizes=\"(max-width: 1600px) 100vw, 1600px\" \/><\/p><\/div>\n\t\t\t\t<\/div>\n\t\t\t\t\t\t\t<div class=\"elementor-toggle-item\">\n\t\t\t\t\t<div id=\"elementor-tab-title-6763\" class=\"elementor-tab-title\" data-tab=\"3\" role=\"button\" aria-controls=\"elementor-tab-content-6763\" aria-expanded=\"false\">\n\t\t\t\t\t\t\t\t\t\t\t\t<a class=\"elementor-toggle-title\" tabindex=\"0\">3 \u2013 Al\u00e9m do projeto REDD+, existe alguma outra atividade remunerada na propriedade do projeto? Como esta atividade impacta a gera\u00e7\u00e3o dos cr\u00e9ditos de carbono e na viabilidade do projeto? A exist\u00eancia de um manejo na \u00e1rea do projeto interfere na gera\u00e7\u00e3o dos cr\u00e9ditos e na viabilidade do projeto?<\/a>\n\t\t\t\t\t<\/div>\n\n\t\t\t\t\t<div id=\"elementor-tab-content-6763\" class=\"elementor-tab-content elementor-clearfix\" data-tab=\"3\" role=\"region\" aria-labelledby=\"elementor-tab-title-6763\"><p>Sim, al\u00e9m do projeto REED+ na fazenda Santa Maria \u00e9 realizado o manejo madeireiro sustent\u00e1vel, interferindo, por\u00e9m, n\u00e3o inviabilizando o projeto.<br \/>A exist\u00eancia do manejo interfere na gera\u00e7\u00e3o dos cr\u00e9ditos uma vez que toda atividade que remova carbono da \u00e1rea do projeto \u00e9 contabilizada e descontada dos cr\u00e9ditos gerados. Em suma atividades como a abertura de estradas, arraste de arvores, o pr\u00f3prio carbono estocado nas \u00e1rvores e at\u00e9 o impacto que elas geram na queda s\u00e3o contabilizados e removidos da gera\u00e7\u00e3o de cr\u00e9ditos.<br \/>O manejo florestal sustent\u00e1vel envolve a gest\u00e3o cuidadosa dos recursos florestais para garantir sua conserva\u00e7\u00e3o e uso sustent\u00e1vel, enquanto a gera\u00e7\u00e3o de carbono refere-se a projetos que buscam reduzir as emiss\u00f5es de gases de efeito estufa por meio do sequestro ou redu\u00e7\u00e3o de emiss\u00f5es de CO2e. A disponibilidade de madeira explorada de maneira sustent\u00e1vel da floresta \u00e9 uma ferramenta interessante para o controle de \u201cleakage\u201d, pois atende a uma demanda de madeira da regi\u00e3o de maneira sustent\u00e1vel, evitando a abertura de novas \u00e1reas do entorno para este fim. Como evidencia de um manejo madeireiro sustent\u00e1vel a fazenda conta com a certifica\u00e7\u00e3o FSC.<\/p><\/div>\n\t\t\t\t<\/div>\n\t\t\t\t\t\t\t<div class=\"elementor-toggle-item\">\n\t\t\t\t\t<div id=\"elementor-tab-title-6764\" class=\"elementor-tab-title\" data-tab=\"4\" role=\"button\" aria-controls=\"elementor-tab-content-6764\" aria-expanded=\"false\">\n\t\t\t\t\t\t\t\t\t\t\t\t<a class=\"elementor-toggle-title\" tabindex=\"0\">4 \u2013 O que \u00e9 o FSC?<\/a>\n\t\t\t\t\t<\/div>\n\n\t\t\t\t\t<div id=\"elementor-tab-content-6764\" class=\"elementor-tab-content elementor-clearfix\" data-tab=\"4\" role=\"region\" aria-labelledby=\"elementor-tab-title-6764\"><p>FSC \u00e9 o Forest Stewardship Council, uma organiza\u00e7\u00e3o global sem fins lucrativos com o objetivo de promover o manejo florestal sustent\u00e1vel, baseado em seus padr\u00f5es que atualmente s\u00e3o o mais alto n\u00edvel de avalia\u00e7\u00e3o socioambiental exclusivo para a atividade de manejo florestal. Os padr\u00f5es utilizados para avaliar a FSM consideram a conserva\u00e7\u00e3o da biodiversidade, o manejo de recursos h\u00eddricos, o manejo de res\u00edduos, a conserva\u00e7\u00e3o do solo, a prote\u00e7\u00e3o dos direitos dos trabalhadores e a seguran\u00e7a do trabalho, as rela\u00e7\u00f5es com as comunidades locais, o respeito aos direitos consuetudin\u00e1rios de comunidades tradicionais e diversos aspectos da gest\u00e3o financeira e transpar\u00eancia.<\/p><\/div>\n\t\t\t\t<\/div>\n\t\t\t\t\t\t\t<div class=\"elementor-toggle-item\">\n\t\t\t\t\t<div id=\"elementor-tab-title-6765\" class=\"elementor-tab-title\" data-tab=\"5\" role=\"button\" aria-controls=\"elementor-tab-content-6765\" aria-expanded=\"false\">\n\t\t\t\t\t\t\t\t\t\t\t\t<a class=\"elementor-toggle-title\" tabindex=\"0\">5 \u2013 Quando a Systemica iniciou as atividades no projeto e o que a Systemica j\u00e1 desenvolveu desde ent\u00e3o?<\/a>\n\t\t\t\t\t<\/div>\n\n\t\t\t\t\t<div id=\"elementor-tab-content-6765\" class=\"elementor-tab-content elementor-clearfix\" data-tab=\"5\" role=\"region\" aria-labelledby=\"elementor-tab-title-6765\"><p>Embora o projeto tenha iniciado em 2009, a Systemica assumiu a execu\u00e7\u00e3o t\u00e9cnica do projeto em 2020 e desde ent\u00e3o tem se dedicado para o aprimoramento do projeto e suas atividades, prezando pela integridade socioambiental a partir de embasamento cient\u00edfico e transpar\u00eancia. Abaixo algumas das atualiza\u00e7\u00f5es realizadas pela Systemica desde ent\u00e3o:<\/p><p><strong>Atualiza\u00e7\u00f5es T\u00e9cnicas:<\/strong><\/p><ul><li>Renova\u00e7\u00e3o da linha de base utilizando modelos mais sofisticados (<em>Pixel Based Approach);<\/em><\/li><li>Ajuste na localiza\u00e7\u00e3o e configura\u00e7\u00e3o do \u201c<em>leakege belt<\/em>\u201d;<\/li><li>Renova\u00e7\u00e3o do selo FSC (<em>Forest Stewardship Council<\/em>);<\/li><li>Remensura\u00e7\u00e3o e atualiza\u00e7\u00e3o dos dados de estoque de carbono;<\/li><li>Realiza\u00e7\u00e3o de invent\u00e1rio faun\u00edstico e flor\u00edstico;<\/li><li>Implanta\u00e7\u00e3o de um Programa de Monitoramento de Fauna.<\/li><\/ul><p><strong><br \/>Atualiza\u00e7\u00f5es Sociais:<\/strong><\/p><ul><li>Renova\u00e7\u00e3o da linha de base utilizando modelos mais sofisticados (<em>Pixel Based Approach);<\/em><\/li><li>Ajuste na localiza\u00e7\u00e3o e configura\u00e7\u00e3o do \u201c<em>leakege belt<\/em>\u201d;<\/li><li>Renova\u00e7\u00e3o do selo FSC (<em>Forest Stewardship Council<\/em>);<\/li><li>Remensura\u00e7\u00e3o e atualiza\u00e7\u00e3o dos dados de estoque de carbono;<\/li><li>Realiza\u00e7\u00e3o de invent\u00e1rio faun\u00edstico e flor\u00edstico;<\/li><li>Implanta\u00e7\u00e3o de um Programa de Monitoramento de Fauna.<\/li><\/ul><\/div>\n\t\t\t\t<\/div>\n\t\t\t\t\t\t\t<div class=\"elementor-toggle-item\">\n\t\t\t\t\t<div id=\"elementor-tab-title-6766\" class=\"elementor-tab-title\" data-tab=\"6\" role=\"button\" aria-controls=\"elementor-tab-content-6766\" aria-expanded=\"false\">\n\t\t\t\t\t\t\t\t\t\t\t\t<a class=\"elementor-toggle-title\" tabindex=\"0\">6 \u2013 Existem cr\u00edticas ao projeto? Qual o posicionamento da Systemica?<\/a>\n\t\t\t\t\t<\/div>\n\n\t\t\t\t\t<div id=\"elementor-tab-content-6766\" class=\"elementor-tab-content elementor-clearfix\" data-tab=\"6\" role=\"region\" aria-labelledby=\"elementor-tab-title-6766\"><p>Sim, a mais recente em setembro de 2022, escrita pela ag\u00eancia de not\u00edcia Reuters. Segue\u00a0<a href=\"https:\/\/www.reuters.com\/article\/crypto-currency-carbontrading-environmen-idUSL8N2ZM7XE\" target=\"_blank\" rel=\"noopener\">link para acesso a mat\u00e9ria completa<\/a>.<\/p><p>As cr\u00edticas feitas no artigo est\u00e3o relacionadas aos seguintes aspectos: morte de funcion\u00e1rio terceirizado na \u00e1rea do projeto, venda de cr\u00e9ditos de carbono para empresa de cripto, falta de algumas atividades sociais e perda de certifica\u00e7\u00e3o FSC.<\/p><p>No primeiro ano de manejo florestal, realizado pela nova propriet\u00e1ria do projeto, Caragu\u00e1, no dia 17 de maio de 2021, houve um acidente fatal durante atividades de manejo florestal, com um funcion\u00e1rio terceirizado, que portava todos os equipamentos de prote\u00e7\u00e3o individual (EPIs), veio a \u00f3bito ap\u00f3s a queda uma galhada. Todos os atendimentos de primeiros socorros foram prestados de forma imediata, mas, infelizmente, o \u00f3bito ocorreu. Tratou-se de um lament\u00e1vel acidente. Na ocasi\u00e3o foram utilizados equipamentos de seguran\u00e7a exigidos e as t\u00e9cnicas aplic\u00e1veis \u00e0 atividade. A empresa terceirizada pagou indeniza\u00e7\u00e3o ao esp\u00f3lio do falecido no montante de 66 mil reais e as empresas Caragu\u00e1 e Florestal Santa Maria pagaram indeniza\u00e7\u00e3o de 85 mil reais.<\/p><p>A Caragu\u00e1 n\u00e3o trabalha mais com as atividades de campo da empresa terceirizada, exerce, atualmente, suas atividades de campo de forma direta, possui certifica\u00e7\u00e3o FSC e, mesmo n\u00e3o tendo obriga\u00e7\u00e3o legal, prov\u00ea seguro de vida aos seus colaboradores de campo. Atualmente, o Projeto de REDD Florestal Santa Maria, na gest\u00e3o da Caragu\u00e1, est\u00e1 em fase de implementa\u00e7\u00e3o de atividade de reparti\u00e7\u00e3o de benef\u00edcios sociais e da certifica\u00e7\u00e3o internacional CCB. Dessa forma, o compromisso e a a\u00e7\u00e3o da Caragu\u00e1 no controle do Projeto de Redd Santa Maria refletem exatamente os princ\u00edpios destacados na descri\u00e7\u00e3o do projeto<\/p><p>Quanto a n\u00e3o execu\u00e7\u00e3o de algumas das atividades sociais inicialmente planejadas pela a antiga gest\u00e3o do projeto, esta est\u00e1 relacionada a falta de liquidez e baixo pre\u00e7o unit\u00e1rio de cr\u00e9ditos de carbono, especialmente entre os anos de 2012 e 2020, onde os cr\u00e9ditos eram vendidos a valores em torno de 0,50 d\u00f3lares, que embora tenham possibilitado a conserva\u00e7\u00e3o e desenvolvimento de algumas das atividades sociais, outras acabaram sendo inviabilizadas.<\/p><p>A venda de cr\u00e9ditos de carbono para empresas que realizam a tockeniza\u00e7\u00e3o dos cr\u00e9ditos, est\u00e1 diretamente ligada ao ponto anterior, por trazer uma liquidez ao projeto, que na \u00e9poca n\u00e3o havia, possibilitando a retomada de muitas atividades sociais e de biodiversidade.<\/p><p>Por outro lado, al\u00e9m da cr\u00edtica, o projeto tamb\u00e9m tem sido reconhecido por sua atua\u00e7\u00e3o, como por exemplo, em um artigo em que foi utilizado estudo de caso de desmatamento evitado pela Sylvera, uma das mais importantes empresas, a n\u00edvel global, de avalia\u00e7\u00e3o de projetos do mercado voluntario. No artigo escrito pela Sylvera, FSM \u00e9 apontado como um exemplo de projeto que de fato evita o desmatamento e apresenta linha de base s\u00f3lida. Segue\u00a0<a href=\"https:\/\/www.sylvera.com\/blog\/guardian-offsets-response\" target=\"_blank\" rel=\"noopener\">link para acesso a mat\u00e9ria completa<\/a>.<\/p><p>Vale destacar que a Systemica est\u00e1 sempre aberta a ouvir e responder as cr\u00edticas e considera\u00e7\u00f5es do Florestal Santa Maria e de todos os projetos em que atua, com o objetivo de sempre melhorar e manter a mais alta integridade e transpar\u00eancia poss\u00edvel.<\/p><p>Caso voc\u00ea tenha qualquer d\u00favida, cr\u00edtica ou sugest\u00e3o em rela\u00e7\u00e3o ao projeto, por gentileza nos escreva atrav\u00e9s do e-mail \u00a0<a href=\"mailto:contato@systemica.digital\" target=\"_blank\" rel=\"noopener\">contato@systemica.digital<\/a>\u00a0ou Whatsapp <a href=\"https:\/\/wa.me\/551150391080\">+55 11 5039-1080<\/a>.<\/p><\/div>\n\t\t\t\t<\/div>\n\t\t\t\t\t\t\t\t\t\t<script type=\"application\/ld+json\">{\"@context\":\"https:\\\/\\\/schema.org\",\"@type\":\"FAQPage\",\"mainEntity\":[{\"@type\":\"Question\",\"name\":\"1 \\u2013 Como o projeto evita o desmatamento n\\u00e3o planejado?\",\"acceptedAnswer\":{\"@type\":\"Answer\",\"text\":\"<p>O projeto mobiliza recursos humano e financeiro para proteger suas florestas contra invas\\u00f5es, como detalhado abaixo na se\\u00e7\\u00e3o Principais Atividades Relativas \\u00e0 Preven\\u00e7\\u00e3o de Amea\\u00e7as. Ao longo dos anos, foram registradas muitas invas\\u00f5es de propriedades e aumento do desmatamento na regi\\u00e3o amaz\\u00f4nica causados por ocupa\\u00e7\\u00f5es ilegais. De acordo com o PRODES, projeto que monitora o desmatamento da Floresta Amaz\\u00f4nica, o estado do Mato Grosso, onde est\\u00e1 localizado o projeto FSM, j\\u00e1 perdeu 222.595,52 km2 de floresta, o que corresponde a 24,60% da \\u00e1rea total do estado, e o ano de 2021 foi o que mais desmatou desde 2000. No ranking de desmatamento do PRODES, Colniza \\u00e9 a 8\\u00aa cidade com maior desmatamento anual (2020\\\/2021) e a 17\\u00aa cidade com maior \\u00e1rea desmatada na Amaz\\u00f4nia Legal. Al\\u00e9m disso, podemos presumir que os n\\u00fameros tendem a ser consideravelmente mais preocupantes porque o desmatamento \\u00e9 apenas contados em \\u00e1reas maiores que 6,25 hectares.<\\\/p><p>Principais atividades relativas \\u00e0 preven\\u00e7\\u00e3o de amea\\u00e7as<\\\/p><p><strong>Preven\\u00e7\\u00e3o de atividades ilegais:<\\\/strong><\\\/p><ul><li>Gest\\u00e3o e suporte \\u00e0s 7 bases de monitoramento localizadas em pontos estrat\\u00e9gicos nos limites da fazenda.<\\\/li><li>Comunica\\u00e7\\u00e3o imediata de qualquer incidente diretamente ao setor administrativo e \\u00f3rg\\u00e3os competentes.<\\\/li><li>Proibi\\u00e7\\u00e3o de entrada de pessoas n\\u00e3o autorizadas na fazenda.<\\\/li><li>Proibi\\u00e7\\u00e3o de ca\\u00e7a, pesca e atividades n\\u00e3o autorizadas dentro da fazenda<\\\/li><\\\/ul><p><strong>Preven\\u00e7\\u00e3o e Controle de Inc\\u00eandios<\\\/strong><\\\/p><ul><li>Comunica\\u00e7\\u00e3o de focos de inc\\u00eandio ao setor administrativo, registro na ficha de ocorr\\u00eancia de inc\\u00eandio e comunica\\u00e7\\u00e3o aos \\u00f3rg\\u00e3os competentes. Em caso de inc\\u00eandio, acionamento do time de brigada de inc\\u00eandio da regi\\u00e3o.<\\\/li><li>Fornecimento de materiais e equipamentos para as atividades de Combate e Controle de Inc\\u00eandio.<\\\/li><li>Equipe cadastrada e qualificada da fazenda dispon\\u00edvel para atuar no controle de in\\u00edcio de inc\\u00eandio.<\\\/li><li>Utiliza\\u00e7\\u00e3o de t\\u00e9cnicas de prote\\u00e7\\u00e3o com aceiros naturais e aceiros artificiais.<\\\/li><li>Orienta\\u00e7\\u00e3o \\u00e0 vizinhan\\u00e7a quanto \\u00e0 preven\\u00e7\\u00e3o, medidas e boas pr\\u00e1ticas para evitar o in\\u00edcio de inc\\u00eandios.<\\\/li><li>O manejo florestal da Fazenda Santa utiliza t\\u00e9cnicas de baixo impacto, como planejamento de estradas e pistas de arraste, corte direcional e corte de cip\\u00f3s (se houver alta incid\\u00eancia) para reduzir a abertura do dossel e diminuir o tamanho das clareiras formadas. Dessa forma, h\\u00e1 menos material oxidante e menos luz solar na floresta explorada, diminuindo o risco de inc\\u00eandio.<\\\/li><\\\/ul><p>Devido \\u00e0 localiza\\u00e7\\u00e3o geogr\\u00e1fica da \\u00e1rea do projeto, pr\\u00f3xima \\u00e0s unidades de conserva\\u00e7\\u00e3o Parque Estadual Igarap\\u00e9s do Juruena e Parque Nacional do Juruena, podemos presumir poss\\u00edveis impactos positivos e contribui\\u00e7\\u00f5es ao meio ambiente como a manuten\\u00e7\\u00e3o do corredor ecol\\u00f3gico, que \\u00e9 rico em biodiversidade de fauna e flora e atua no controle de fragmenta\\u00e7\\u00e3o do solo, conectividade entre povoamentos, e como uma \\u00e1rea de ref\\u00fagio para a biodiversidade. Adicionalmente, a \\u00c1rea do Projeto funciona como zona tamp\\u00e3o de riscos e amea\\u00e7as ao mosaico de \\u00e1reas protegidas do Norte do Estado de Mato Grosso (Figura 1). Foram identificadas a presen\\u00e7a de muitas esp\\u00e9cies amea\\u00e7adas da flora e fauna no entorno do projeto, como por exemplo, Leopardus tigrinus, Kunzia tomentosus, Dinomys branickii, Clytoctantes atrogularis, Bertholletia excelsa, Hevea brasiliensis, esp\\u00e9cies).<\\\/p><p>Adicionalmente, \\u00e9 importante destacar que algumas \\u00e1reas no entorno do projeto est\\u00e3o classificadas como\\u00a0<a href=\\\"http:\\\/\\\/datazone.birdlife.org\\\/site\\\/results?thrlev1=&amp;thrlev2=&amp;kw=&amp;reg=0&amp;cty=30&amp;snm=&amp;fam=0&amp;gen=0&amp;spc=&amp;cmn=\\\" target=\\\"_blank\\\" rel=\\\"noopener\\\">\\u00c1reas Importantes para a Conserva\\u00e7\\u00e3o de Aves (IBAs)<\\\/a>. Existem apenas 234 IBAs no Brasil e podemos dizer que a regi\\u00e3o pr\\u00f3xima ao Projeto Santa Maria \\u00e9 uma delas.<\\\/p><p>Os pol\\u00edgonos vermelhos na Figura 1 representam os limites do projeto Florestal Santa Maria. Al\\u00e9m de evidenciar o contraste entre a regi\\u00e3o desmatada e a regi\\u00e3o de floresta do munic\\u00edpio de Colniza, a imagem de sat\\u00e9lite comprova que o projeto Florestal de Santa Maria \\u00e9 respons\\u00e1vel por proteger grandes e cont\\u00edguos fragmentos florestais dessa regi\\u00e3o desde seu in\\u00edcio em 2009.<\\\/p><p><strong>Figura 1.<\\\/strong>\\u00a0Regi\\u00e3o do projeto Florestal Santa Maria na visualiza\\u00e7\\u00e3o do Google Earth (Landsat\\\/Copernicus Satellite) para os anos de 2009 e 2016, e na visualiza\\u00e7\\u00e3o do sat\\u00e9lite Planet para o ano de 2023.<\\\/p><p><img class=\\\"alignnone wp-image-4192 size-full\\\" src=\\\"https:\\\/\\\/systemica.digital\\\/wp-content\\\/uploads\\\/2024\\\/07\\\/Evolucao-Desmat-FSM.png.webp\\\" alt=\\\"\\\" width=\\\"1014\\\" height=\\\"1584\\\" \\\/><\\\/p>\"}},{\"@type\":\"Question\",\"name\":\"2 \\u2013 A quais riscos a \\u00e1rea estava exposta no cen\\u00e1rio de linha de base? Algum caso de desmatamento ilegal ocorreu antes ou durante o projeto? Houve alguma renova\\u00e7\\u00e3o da linha de base?\",\"acceptedAnswer\":{\"@type\":\"Answer\",\"text\":\"<p>A linha de base do projeto assumiu que, na aus\\u00eancia do projeto, a floresta teria sido cortada ilegalmente e a madeira explorada, ap\\u00f3s isto a \\u00e1rea teria sido transformada em pasto ou caf\\u00e9, duas pr\\u00e1ticas comuns na regi\\u00e3o do projeto. Conforme descrito no documento do PDD, antes do in\\u00edcio do projeto a fazenda havia registrado v\\u00e1rios casos de invas\\u00f5es, por\\u00e9m com o projeto isso foi controlado devido \\u00e0 intensifica\\u00e7\\u00e3o das atividades de patrulhamento e fiscaliza\\u00e7\\u00e3o.<\\\/p><p>O modelo inicial de desmatamento do projeto afirma que, na aus\\u00eancia do projeto, 87,6% da \\u00e1rea poderia ter sido convertida em 30 anos. Isso se deve ao fato de que a primeira linha de base foi estabelecida com base na tend\\u00eancia de desmatamento observada entre 1999 e 2010, \\u00e9poca em que as taxas de desmatamento eram muito maiores do que hoje. Por\\u00e9m, conforme previsto inicialmente na metodologia, a cada 10 anos a linha de base precisa ser revalidada, o que foi feito para as considera\\u00e7\\u00f5es de desmatamento evitado a partir do ano de 2019. Os novos modelos agora mostram uma press\\u00e3o muito menor na \\u00e1rea do projeto, evidenciando que o projeto tem sido eficiente na redu\\u00e7\\u00e3o do risco de desmatamento em sua \\u00e1rea.<\\\/p><p><strong>Figura 2<\\\/strong>. Taxas anuais de desmatamento para o estado de Mato Grosso, Brasil, observadas pelo Programa Oficial de Monitoramento PRODES<\\\/p><p><img class=\\\"alignnone wp-image-4196 size-full\\\" src=\\\"https:\\\/\\\/systemica.digital\\\/wp-content\\\/uploads\\\/2024\\\/07\\\/grafico.jpeg.webp\\\" alt=\\\"\\\" width=\\\"1600\\\" height=\\\"659\\\" \\\/><\\\/p>\"}},{\"@type\":\"Question\",\"name\":\"3 \\u2013 Al\\u00e9m do projeto REDD+, existe alguma outra atividade remunerada na propriedade do projeto? Como esta atividade impacta a gera\\u00e7\\u00e3o dos cr\\u00e9ditos de carbono e na viabilidade do projeto? A exist\\u00eancia de um manejo na \\u00e1rea do projeto interfere na gera\\u00e7\\u00e3o dos cr\\u00e9ditos e na viabilidade do projeto?\",\"acceptedAnswer\":{\"@type\":\"Answer\",\"text\":\"<p>Sim, al\\u00e9m do projeto REED+ na fazenda Santa Maria \\u00e9 realizado o manejo madeireiro sustent\\u00e1vel, interferindo, por\\u00e9m, n\\u00e3o inviabilizando o projeto.<br \\\/>A exist\\u00eancia do manejo interfere na gera\\u00e7\\u00e3o dos cr\\u00e9ditos uma vez que toda atividade que remova carbono da \\u00e1rea do projeto \\u00e9 contabilizada e descontada dos cr\\u00e9ditos gerados. Em suma atividades como a abertura de estradas, arraste de arvores, o pr\\u00f3prio carbono estocado nas \\u00e1rvores e at\\u00e9 o impacto que elas geram na queda s\\u00e3o contabilizados e removidos da gera\\u00e7\\u00e3o de cr\\u00e9ditos.<br \\\/>O manejo florestal sustent\\u00e1vel envolve a gest\\u00e3o cuidadosa dos recursos florestais para garantir sua conserva\\u00e7\\u00e3o e uso sustent\\u00e1vel, enquanto a gera\\u00e7\\u00e3o de carbono refere-se a projetos que buscam reduzir as emiss\\u00f5es de gases de efeito estufa por meio do sequestro ou redu\\u00e7\\u00e3o de emiss\\u00f5es de CO2e. A disponibilidade de madeira explorada de maneira sustent\\u00e1vel da floresta \\u00e9 uma ferramenta interessante para o controle de \\u201cleakage\\u201d, pois atende a uma demanda de madeira da regi\\u00e3o de maneira sustent\\u00e1vel, evitando a abertura de novas \\u00e1reas do entorno para este fim. Como evidencia de um manejo madeireiro sustent\\u00e1vel a fazenda conta com a certifica\\u00e7\\u00e3o FSC.<\\\/p>\"}},{\"@type\":\"Question\",\"name\":\"4 \\u2013 O que \\u00e9 o FSC?\",\"acceptedAnswer\":{\"@type\":\"Answer\",\"text\":\"<p>FSC \\u00e9 o Forest Stewardship Council, uma organiza\\u00e7\\u00e3o global sem fins lucrativos com o objetivo de promover o manejo florestal sustent\\u00e1vel, baseado em seus padr\\u00f5es que atualmente s\\u00e3o o mais alto n\\u00edvel de avalia\\u00e7\\u00e3o socioambiental exclusivo para a atividade de manejo florestal. Os padr\\u00f5es utilizados para avaliar a FSM consideram a conserva\\u00e7\\u00e3o da biodiversidade, o manejo de recursos h\\u00eddricos, o manejo de res\\u00edduos, a conserva\\u00e7\\u00e3o do solo, a prote\\u00e7\\u00e3o dos direitos dos trabalhadores e a seguran\\u00e7a do trabalho, as rela\\u00e7\\u00f5es com as comunidades locais, o respeito aos direitos consuetudin\\u00e1rios de comunidades tradicionais e diversos aspectos da gest\\u00e3o financeira e transpar\\u00eancia.<\\\/p>\"}},{\"@type\":\"Question\",\"name\":\"5 \\u2013 Quando a Systemica iniciou as atividades no projeto e o que a Systemica j\\u00e1 desenvolveu desde ent\\u00e3o?\",\"acceptedAnswer\":{\"@type\":\"Answer\",\"text\":\"<p>Embora o projeto tenha iniciado em 2009, a Systemica assumiu a execu\\u00e7\\u00e3o t\\u00e9cnica do projeto em 2020 e desde ent\\u00e3o tem se dedicado para o aprimoramento do projeto e suas atividades, prezando pela integridade socioambiental a partir de embasamento cient\\u00edfico e transpar\\u00eancia. Abaixo algumas das atualiza\\u00e7\\u00f5es realizadas pela Systemica desde ent\\u00e3o:<\\\/p><p><strong>Atualiza\\u00e7\\u00f5es T\\u00e9cnicas:<\\\/strong><\\\/p><ul><li>Renova\\u00e7\\u00e3o da linha de base utilizando modelos mais sofisticados (<em>Pixel Based Approach);<\\\/em><\\\/li><li>Ajuste na localiza\\u00e7\\u00e3o e configura\\u00e7\\u00e3o do \\u201c<em>leakege belt<\\\/em>\\u201d;<\\\/li><li>Renova\\u00e7\\u00e3o do selo FSC (<em>Forest Stewardship Council<\\\/em>);<\\\/li><li>Remensura\\u00e7\\u00e3o e atualiza\\u00e7\\u00e3o dos dados de estoque de carbono;<\\\/li><li>Realiza\\u00e7\\u00e3o de invent\\u00e1rio faun\\u00edstico e flor\\u00edstico;<\\\/li><li>Implanta\\u00e7\\u00e3o de um Programa de Monitoramento de Fauna.<\\\/li><\\\/ul><p><strong><br \\\/>Atualiza\\u00e7\\u00f5es Sociais:<\\\/strong><\\\/p><ul><li>Renova\\u00e7\\u00e3o da linha de base utilizando modelos mais sofisticados (<em>Pixel Based Approach);<\\\/em><\\\/li><li>Ajuste na localiza\\u00e7\\u00e3o e configura\\u00e7\\u00e3o do \\u201c<em>leakege belt<\\\/em>\\u201d;<\\\/li><li>Renova\\u00e7\\u00e3o do selo FSC (<em>Forest Stewardship Council<\\\/em>);<\\\/li><li>Remensura\\u00e7\\u00e3o e atualiza\\u00e7\\u00e3o dos dados de estoque de carbono;<\\\/li><li>Realiza\\u00e7\\u00e3o de invent\\u00e1rio faun\\u00edstico e flor\\u00edstico;<\\\/li><li>Implanta\\u00e7\\u00e3o de um Programa de Monitoramento de Fauna.<\\\/li><\\\/ul>\"}},{\"@type\":\"Question\",\"name\":\"6 \\u2013 Existem cr\\u00edticas ao projeto? Qual o posicionamento da Systemica?\",\"acceptedAnswer\":{\"@type\":\"Answer\",\"text\":\"<p>Sim, a mais recente em setembro de 2022, escrita pela ag\\u00eancia de not\\u00edcia Reuters. Segue\\u00a0<a href=\\\"https:\\\/\\\/www.reuters.com\\\/article\\\/crypto-currency-carbontrading-environmen-idUSL8N2ZM7XE\\\" target=\\\"_blank\\\" rel=\\\"noopener\\\">link para acesso a mat\\u00e9ria completa<\\\/a>.<\\\/p><p>As cr\\u00edticas feitas no artigo est\\u00e3o relacionadas aos seguintes aspectos: morte de funcion\\u00e1rio terceirizado na \\u00e1rea do projeto, venda de cr\\u00e9ditos de carbono para empresa de cripto, falta de algumas atividades sociais e perda de certifica\\u00e7\\u00e3o FSC.<\\\/p><p>No primeiro ano de manejo florestal, realizado pela nova propriet\\u00e1ria do projeto, Caragu\\u00e1, no dia 17 de maio de 2021, houve um acidente fatal durante atividades de manejo florestal, com um funcion\\u00e1rio terceirizado, que portava todos os equipamentos de prote\\u00e7\\u00e3o individual (EPIs), veio a \\u00f3bito ap\\u00f3s a queda uma galhada. Todos os atendimentos de primeiros socorros foram prestados de forma imediata, mas, infelizmente, o \\u00f3bito ocorreu. Tratou-se de um lament\\u00e1vel acidente. Na ocasi\\u00e3o foram utilizados equipamentos de seguran\\u00e7a exigidos e as t\\u00e9cnicas aplic\\u00e1veis \\u00e0 atividade. A empresa terceirizada pagou indeniza\\u00e7\\u00e3o ao esp\\u00f3lio do falecido no montante de 66 mil reais e as empresas Caragu\\u00e1 e Florestal Santa Maria pagaram indeniza\\u00e7\\u00e3o de 85 mil reais.<\\\/p><p>A Caragu\\u00e1 n\\u00e3o trabalha mais com as atividades de campo da empresa terceirizada, exerce, atualmente, suas atividades de campo de forma direta, possui certifica\\u00e7\\u00e3o FSC e, mesmo n\\u00e3o tendo obriga\\u00e7\\u00e3o legal, prov\\u00ea seguro de vida aos seus colaboradores de campo. Atualmente, o Projeto de REDD Florestal Santa Maria, na gest\\u00e3o da Caragu\\u00e1, est\\u00e1 em fase de implementa\\u00e7\\u00e3o de atividade de reparti\\u00e7\\u00e3o de benef\\u00edcios sociais e da certifica\\u00e7\\u00e3o internacional CCB. Dessa forma, o compromisso e a a\\u00e7\\u00e3o da Caragu\\u00e1 no controle do Projeto de Redd Santa Maria refletem exatamente os princ\\u00edpios destacados na descri\\u00e7\\u00e3o do projeto<\\\/p><p>Quanto a n\\u00e3o execu\\u00e7\\u00e3o de algumas das atividades sociais inicialmente planejadas pela a antiga gest\\u00e3o do projeto, esta est\\u00e1 relacionada a falta de liquidez e baixo pre\\u00e7o unit\\u00e1rio de cr\\u00e9ditos de carbono, especialmente entre os anos de 2012 e 2020, onde os cr\\u00e9ditos eram vendidos a valores em torno de 0,50 d\\u00f3lares, que embora tenham possibilitado a conserva\\u00e7\\u00e3o e desenvolvimento de algumas das atividades sociais, outras acabaram sendo inviabilizadas.<\\\/p><p>A venda de cr\\u00e9ditos de carbono para empresas que realizam a tockeniza\\u00e7\\u00e3o dos cr\\u00e9ditos, est\\u00e1 diretamente ligada ao ponto anterior, por trazer uma liquidez ao projeto, que na \\u00e9poca n\\u00e3o havia, possibilitando a retomada de muitas atividades sociais e de biodiversidade.<\\\/p><p>Por outro lado, al\\u00e9m da cr\\u00edtica, o projeto tamb\\u00e9m tem sido reconhecido por sua atua\\u00e7\\u00e3o, como por exemplo, em um artigo em que foi utilizado estudo de caso de desmatamento evitado pela Sylvera, uma das mais importantes empresas, a n\\u00edvel global, de avalia\\u00e7\\u00e3o de projetos do mercado voluntario. No artigo escrito pela Sylvera, FSM \\u00e9 apontado como um exemplo de projeto que de fato evita o desmatamento e apresenta linha de base s\\u00f3lida. Segue\\u00a0<a href=\\\"https:\\\/\\\/www.sylvera.com\\\/blog\\\/guardian-offsets-response\\\" target=\\\"_blank\\\" rel=\\\"noopener\\\">link para acesso a mat\\u00e9ria completa<\\\/a>.<\\\/p><p>Vale destacar que a Systemica est\\u00e1 sempre aberta a ouvir e responder as cr\\u00edticas e considera\\u00e7\\u00f5es do Florestal Santa Maria e de todos os projetos em que atua, com o objetivo de sempre melhorar e manter a mais alta integridade e transpar\\u00eancia poss\\u00edvel.<\\\/p><p>Caso voc\\u00ea tenha qualquer d\\u00favida, cr\\u00edtica ou sugest\\u00e3o em rela\\u00e7\\u00e3o ao projeto, por gentileza nos escreva atrav\\u00e9s do e-mail \\u00a0<a href=\\\"mailto:contato@systemica.digital\\\" target=\\\"_blank\\\" rel=\\\"noopener\\\">contato@systemica.digital<\\\/a>\\u00a0ou Whatsapp <a href=\\\"https:\\\/\\\/wa.me\\\/551150391080\\\">+55 11 5039-1080<\\\/a>.<\\\/p>\"}}]}<\/script>\n\t\t\t\t\t<\/div>\n\t\t\t\t\t\t<\/div>\n\t\t\t\t<\/div>\n\t\t\t\t\t<\/div>\n\t\t\t\t<\/section>\n\t\t\t\t<\/div>\n\t\t","protected":false},"excerpt":{"rendered":"<p>Projeto Florestal Santa Maria Conservando mais de 70 mil hectares no Arco do Desmatamento desde 2009, protegendo a Amaz\u00f4nia e promovendo sustentabilidade. Projeto Primeiros-socorros Registro do treinamento de primeiros socorros realizados com os funcion\u00e1rios do projeto, realizado em abril de 2023. Entrevistados Registro de oficina de sa\u00fade realizado com a comunidade do entorno do projeto, [&hellip;]<\/p>\n","protected":false},"author":1,"featured_media":0,"parent":3067,"menu_order":0,"comment_status":"closed","ping_status":"closed","template":"","meta":{"_acf_changed":false,"footnotes":""},"class_list":["post-8422","page","type-page","status-publish","hentry"],"acf":[],"yoast_head":"<!-- This site is optimized with the Yoast SEO plugin v27.3 - https:\/\/yoast.com\/product\/yoast-seo-wordpress\/ -->\n<title>Atividades Comunidade - Systemica<\/title>\n<meta name=\"robots\" content=\"index, follow, max-snippet:-1, max-image-preview:large, max-video-preview:-1\" \/>\n<link rel=\"canonical\" href=\"https:\/\/systemica.digital\/en\/projetos\/florestal-santa-maria\/galeria-fsm\/atividades-comunidade\/\" \/>\n<meta property=\"og:locale\" content=\"en_US\" \/>\n<meta property=\"og:type\" content=\"article\" \/>\n<meta property=\"og:title\" content=\"Atividades Comunidade - Systemica\" \/>\n<meta property=\"og:description\" content=\"Projeto Florestal Santa Maria Conservando mais de 70 mil hectares no Arco do Desmatamento desde 2009, protegendo a Amaz\u00f4nia e promovendo sustentabilidade. Projeto Primeiros-socorros Registro do treinamento de primeiros socorros realizados com os funcion\u00e1rios do projeto, realizado em abril de 2023. Entrevistados Registro de oficina de sa\u00fade realizado com a comunidade do entorno do projeto, [&hellip;]\" \/>\n<meta property=\"og:url\" content=\"https:\/\/systemica.digital\/en\/projetos\/florestal-santa-maria\/galeria-fsm\/atividades-comunidade\/\" \/>\n<meta property=\"og:site_name\" content=\"Systemica\" \/>\n<meta property=\"article:modified_time\" content=\"2024-07-25T20:09:57+00:00\" \/>\n<meta property=\"og:image\" content=\"https:\/\/systemica.digital\/wp-content\/uploads\/2024\/07\/Evolucao-Desmat-FSM.png.webp\" \/>\n<meta name=\"twitter:card\" content=\"summary_large_image\" \/>\n<meta name=\"twitter:label1\" content=\"Est. reading time\" \/>\n\t<meta name=\"twitter:data1\" content=\"11 minutes\" \/>\n<script type=\"application\/ld+json\" class=\"yoast-schema-graph\">{\"@context\":\"https:\\\/\\\/schema.org\",\"@graph\":[{\"@type\":\"WebPage\",\"@id\":\"https:\\\/\\\/systemica.digital\\\/projetos\\\/florestal-santa-maria\\\/galeria-fsm\\\/atividades-comunidade\\\/\",\"url\":\"https:\\\/\\\/systemica.digital\\\/projetos\\\/florestal-santa-maria\\\/galeria-fsm\\\/atividades-comunidade\\\/\",\"name\":\"Atividades Comunidade - Systemica\",\"isPartOf\":{\"@id\":\"https:\\\/\\\/systemica.digital\\\/#website\"},\"primaryImageOfPage\":{\"@id\":\"https:\\\/\\\/systemica.digital\\\/projetos\\\/florestal-santa-maria\\\/galeria-fsm\\\/atividades-comunidade\\\/#primaryimage\"},\"image\":{\"@id\":\"https:\\\/\\\/systemica.digital\\\/projetos\\\/florestal-santa-maria\\\/galeria-fsm\\\/atividades-comunidade\\\/#primaryimage\"},\"thumbnailUrl\":\"https:\\\/\\\/systemica.digital\\\/wp-content\\\/uploads\\\/2024\\\/07\\\/Evolucao-Desmat-FSM.png.webp\",\"datePublished\":\"2024-07-15T13:59:12+00:00\",\"dateModified\":\"2024-07-25T20:09:57+00:00\",\"breadcrumb\":{\"@id\":\"https:\\\/\\\/systemica.digital\\\/projetos\\\/florestal-santa-maria\\\/galeria-fsm\\\/atividades-comunidade\\\/#breadcrumb\"},\"inLanguage\":\"en-US\",\"potentialAction\":[{\"@type\":\"ReadAction\",\"target\":[\"https:\\\/\\\/systemica.digital\\\/projetos\\\/florestal-santa-maria\\\/galeria-fsm\\\/atividades-comunidade\\\/\"]}]},{\"@type\":\"ImageObject\",\"inLanguage\":\"en-US\",\"@id\":\"https:\\\/\\\/systemica.digital\\\/projetos\\\/florestal-santa-maria\\\/galeria-fsm\\\/atividades-comunidade\\\/#primaryimage\",\"url\":\"https:\\\/\\\/systemica.digital\\\/wp-content\\\/uploads\\\/2024\\\/07\\\/Evolucao-Desmat-FSM.png.webp\",\"contentUrl\":\"https:\\\/\\\/systemica.digital\\\/wp-content\\\/uploads\\\/2024\\\/07\\\/Evolucao-Desmat-FSM.png.webp\"},{\"@type\":\"BreadcrumbList\",\"@id\":\"https:\\\/\\\/systemica.digital\\\/projetos\\\/florestal-santa-maria\\\/galeria-fsm\\\/atividades-comunidade\\\/#breadcrumb\",\"itemListElement\":[{\"@type\":\"ListItem\",\"position\":1,\"name\":\"In\u00edcio\",\"item\":\"https:\\\/\\\/systemica.digital\\\/\"},{\"@type\":\"ListItem\",\"position\":2,\"name\":\"Projetos\",\"item\":\"https:\\\/\\\/systemica.digital\\\/en\\\/?page_id=22\"},{\"@type\":\"ListItem\",\"position\":3,\"name\":\"Florestal Santa Maria\",\"item\":\"https:\\\/\\\/systemica.digital\\\/projetos\\\/florestal-santa-maria\\\/\"},{\"@type\":\"ListItem\",\"position\":4,\"name\":\"Galeria FSM\",\"item\":\"https:\\\/\\\/systemica.digital\\\/projetos\\\/florestal-santa-maria\\\/galeria-fsm\\\/\"},{\"@type\":\"ListItem\",\"position\":5,\"name\":\"Atividades Comunidade\"}]},{\"@type\":\"WebSite\",\"@id\":\"https:\\\/\\\/systemica.digital\\\/#website\",\"url\":\"https:\\\/\\\/systemica.digital\\\/\",\"name\":\"Systemica\",\"description\":\"\",\"publisher\":{\"@id\":\"https:\\\/\\\/systemica.digital\\\/#organization\"},\"potentialAction\":[{\"@type\":\"SearchAction\",\"target\":{\"@type\":\"EntryPoint\",\"urlTemplate\":\"https:\\\/\\\/systemica.digital\\\/?s={search_term_string}\"},\"query-input\":{\"@type\":\"PropertyValueSpecification\",\"valueRequired\":true,\"valueName\":\"search_term_string\"}}],\"inLanguage\":\"en-US\"},{\"@type\":\"Organization\",\"@id\":\"https:\\\/\\\/systemica.digital\\\/#organization\",\"name\":\"Systemica\",\"url\":\"https:\\\/\\\/systemica.digital\\\/\",\"logo\":{\"@type\":\"ImageObject\",\"inLanguage\":\"en-US\",\"@id\":\"https:\\\/\\\/systemica.digital\\\/#\\\/schema\\\/logo\\\/image\\\/\",\"url\":\"https:\\\/\\\/systemica.digital\\\/wp-content\\\/uploads\\\/2024\\\/06\\\/logo-systemica.png\",\"contentUrl\":\"https:\\\/\\\/systemica.digital\\\/wp-content\\\/uploads\\\/2024\\\/06\\\/logo-systemica.png\",\"width\":211,\"height\":29,\"caption\":\"Systemica\"},\"image\":{\"@id\":\"https:\\\/\\\/systemica.digital\\\/#\\\/schema\\\/logo\\\/image\\\/\"}}]}<\/script>\n<!-- \/ Yoast SEO plugin. -->","yoast_head_json":{"title":"Community Activities - Systemica","robots":{"index":"index","follow":"follow","max-snippet":"max-snippet:-1","max-image-preview":"max-image-preview:large","max-video-preview":"max-video-preview:-1"},"canonical":"https:\/\/systemica.digital\/en\/projetos\/florestal-santa-maria\/galeria-fsm\/atividades-comunidade\/","og_locale":"en_US","og_type":"article","og_title":"Atividades Comunidade - Systemica","og_description":"Projeto Florestal Santa Maria Conservando mais de 70 mil hectares no Arco do Desmatamento desde 2009, protegendo a Amaz\u00f4nia e promovendo sustentabilidade. Projeto Primeiros-socorros Registro do treinamento de primeiros socorros realizados com os funcion\u00e1rios do projeto, realizado em abril de 2023. Entrevistados Registro de oficina de sa\u00fade realizado com a comunidade do entorno do projeto, [&hellip;]","og_url":"https:\/\/systemica.digital\/en\/projetos\/florestal-santa-maria\/galeria-fsm\/atividades-comunidade\/","og_site_name":"Systemica","article_modified_time":"2024-07-25T20:09:57+00:00","og_image":[{"url":"https:\/\/systemica.digital\/wp-content\/uploads\/2024\/07\/Evolucao-Desmat-FSM.png.webp","type":"","width":"","height":""}],"twitter_card":"summary_large_image","twitter_misc":{"Est. reading time":"11 minutes"},"schema":{"@context":"https:\/\/schema.org","@graph":[{"@type":"WebPage","@id":"https:\/\/systemica.digital\/projetos\/florestal-santa-maria\/galeria-fsm\/atividades-comunidade\/","url":"https:\/\/systemica.digital\/projetos\/florestal-santa-maria\/galeria-fsm\/atividades-comunidade\/","name":"Community Activities - Systemica","isPartOf":{"@id":"https:\/\/systemica.digital\/#website"},"primaryImageOfPage":{"@id":"https:\/\/systemica.digital\/projetos\/florestal-santa-maria\/galeria-fsm\/atividades-comunidade\/#primaryimage"},"image":{"@id":"https:\/\/systemica.digital\/projetos\/florestal-santa-maria\/galeria-fsm\/atividades-comunidade\/#primaryimage"},"thumbnailUrl":"https:\/\/systemica.digital\/wp-content\/uploads\/2024\/07\/Evolucao-Desmat-FSM.png.webp","datePublished":"2024-07-15T13:59:12+00:00","dateModified":"2024-07-25T20:09:57+00:00","breadcrumb":{"@id":"https:\/\/systemica.digital\/projetos\/florestal-santa-maria\/galeria-fsm\/atividades-comunidade\/#breadcrumb"},"inLanguage":"en-US","potentialAction":[{"@type":"ReadAction","target":["https:\/\/systemica.digital\/projetos\/florestal-santa-maria\/galeria-fsm\/atividades-comunidade\/"]}]},{"@type":"ImageObject","inLanguage":"en-US","@id":"https:\/\/systemica.digital\/projetos\/florestal-santa-maria\/galeria-fsm\/atividades-comunidade\/#primaryimage","url":"https:\/\/systemica.digital\/wp-content\/uploads\/2024\/07\/Evolucao-Desmat-FSM.png.webp","contentUrl":"https:\/\/systemica.digital\/wp-content\/uploads\/2024\/07\/Evolucao-Desmat-FSM.png.webp"},{"@type":"BreadcrumbList","@id":"https:\/\/systemica.digital\/projetos\/florestal-santa-maria\/galeria-fsm\/atividades-comunidade\/#breadcrumb","itemListElement":[{"@type":"ListItem","position":1,"name":"In\u00edcio","item":"https:\/\/systemica.digital\/"},{"@type":"ListItem","position":2,"name":"Projetos","item":"https:\/\/systemica.digital\/en\/?page_id=22"},{"@type":"ListItem","position":3,"name":"Florestal Santa Maria","item":"https:\/\/systemica.digital\/projetos\/florestal-santa-maria\/"},{"@type":"ListItem","position":4,"name":"Galeria FSM","item":"https:\/\/systemica.digital\/projetos\/florestal-santa-maria\/galeria-fsm\/"},{"@type":"ListItem","position":5,"name":"Atividades Comunidade"}]},{"@type":"WebSite","@id":"https:\/\/systemica.digital\/#website","url":"https:\/\/systemica.digital\/","name":"Systemica","description":"","publisher":{"@id":"https:\/\/systemica.digital\/#organization"},"potentialAction":[{"@type":"SearchAction","target":{"@type":"EntryPoint","urlTemplate":"https:\/\/systemica.digital\/?s={search_term_string}"},"query-input":{"@type":"PropertyValueSpecification","valueRequired":true,"valueName":"search_term_string"}}],"inLanguage":"en-US"},{"@type":"Organization","@id":"https:\/\/systemica.digital\/#organization","name":"Systemica","url":"https:\/\/systemica.digital\/","logo":{"@type":"ImageObject","inLanguage":"en-US","@id":"https:\/\/systemica.digital\/#\/schema\/logo\/image\/","url":"https:\/\/systemica.digital\/wp-content\/uploads\/2024\/06\/logo-systemica.png","contentUrl":"https:\/\/systemica.digital\/wp-content\/uploads\/2024\/06\/logo-systemica.png","width":211,"height":29,"caption":"Systemica"},"image":{"@id":"https:\/\/systemica.digital\/#\/schema\/logo\/image\/"}}]}},"_links":{"self":[{"href":"https:\/\/systemica.digital\/en\/wp-json\/wp\/v2\/pages\/8422","targetHints":{"allow":["GET"]}}],"collection":[{"href":"https:\/\/systemica.digital\/en\/wp-json\/wp\/v2\/pages"}],"about":[{"href":"https:\/\/systemica.digital\/en\/wp-json\/wp\/v2\/types\/page"}],"author":[{"embeddable":true,"href":"https:\/\/systemica.digital\/en\/wp-json\/wp\/v2\/users\/1"}],"replies":[{"embeddable":true,"href":"https:\/\/systemica.digital\/en\/wp-json\/wp\/v2\/comments?post=8422"}],"version-history":[{"count":0,"href":"https:\/\/systemica.digital\/en\/wp-json\/wp\/v2\/pages\/8422\/revisions"}],"up":[{"embeddable":true,"href":"https:\/\/systemica.digital\/en\/wp-json\/wp\/v2\/pages\/3067"}],"wp:attachment":[{"href":"https:\/\/systemica.digital\/en\/wp-json\/wp\/v2\/media?parent=8422"}],"curies":[{"name":"wp","href":"https:\/\/api.w.org\/{rel}","templated":true}]}}